{"id":216,"date":"2022-06-01T09:36:30","date_gmt":"2022-06-01T06:36:30","guid":{"rendered":"https:\/\/aianduskool.ee\/taimeprojekt2022\/?page_id=216"},"modified":"2022-06-01T11:19:47","modified_gmt":"2022-06-01T08:19:47","slug":"projekti-kokkuvote","status":"publish","type":"page","link":"https:\/\/aianduskool.ee\/taimeprojekt2022\/blogid\/projekti-kokkuvote\/","title":{"rendered":"PROJEKTI KOKKUV\u00d5TE"},"content":{"rendered":"<p>Selle-aastane taimeprojekt \u201eMaitsetaimedega s\u00f5braks!\u201c on ametlikult l\u00f5ppenud. Projekt kestis kokku 12 n\u00e4dalat.<\/p>\n<p>Selle aja jooksul saime tunda nii r\u00f5\u00f5mu kui muresid. Suur r\u00f5\u00f5m oli taimede k\u00e4ttesaamine ja nende tundma\u00f5ppimine, emataimede \u00fcmberistutamine ning paljundatud taimede jagamine. Muret p\u00f5hjustasid kahjurid, kes tahtsid taimedest oma osa saada.<\/p>\n<p>Kurvav\u00f5itu oli piparm\u00fcnditaime seisukord- tegu oli sisseostetud ning sidrunmelissist erineval meetodil\u00a0 kasvatatud taimedega. Seda seet\u00f5ttu, et just enne jaotuspunktidesse laiali saatmist tabas meie kasvatatud piparm\u00fcnditaimi haigus ja neid ei olnud v\u00f5imalik osalejatele saata.<\/p>\n<p>M\u00f5ned r\u00fchmad pidid emataimede h\u00e4vimise t\u00f5ttu oma projekti juba varakult l\u00f5petama v\u00f5i j\u00e4tkama \u00fche emataimega.<\/p>\n<p>Projekti raames toimus kaks v\u00f5istlust. Projekti loomekonkursile ja projektip\u00e4eviku konkursile laekus palju oman\u00e4olisi ja imeilusaid t\u00f6id. Valikut teha oli v\u00e4ga v\u00e4ga keeruline! \u00d5nnelikud v\u00f5itjad valis v\u00e4lja fortuuna.<\/p>\n<p><strong>Ait\u00e4h teile kaasa l\u00f6\u00f6mast!<\/strong><\/p>\n<p><strong>Suur kummardus neile r\u00fchmadele, kes t\u00e4itsid usinalt katseandmete tabelit ja selle meile edastasid!<\/strong><\/p>\n<p>Meile laekunud katseandmete tabelitest v\u00f5is teha j\u00e4relduse, et suurem osa projektis osalenud r\u00fchmasid said oma emataimed \u00f5igel ajal k\u00e4tte ja <strong>istutasid need suuremasse kasvukohta<\/strong> <strong>15.veebruaril<\/strong>&#8211; meie projekti ametlikul algusp\u00e4eval.<strong>\u00a0<\/strong><\/p>\n<p>Maitsetaimed\u00a0said endale enamasti <strong>kasvukohaks p\u00e4ikesepaistelise l\u00f5unapoolse<\/strong> aknalaua \ud83d\ude42<\/p>\n<p><strong>Esimeste pistikute\u00a0<\/strong>tegemine v\u00f5eti keskmiselt ette m\u00e4rtsi keskel. Sidrunmelissi taimel oli tunduvalt v\u00e4hem v\u00f5rseid kui piparm\u00fcndi taimel. Seet\u00f5ttu tehti esimesel &#8220;pistikute tegemise ringil&#8221; rohkelt pistikuid piparm\u00fcndist ja v\u00e4hem sidrunmelissist.<\/p>\n<p><strong>Pistikute juurdumiseks <\/strong>kulus keskmiselt kaheksa p\u00e4eva. Aga oli ka \u00fcllatajaid, kellel juurdumiseks kulus vaid 3-4 p\u00e4eva.<\/p>\n<p>K\u00f5ikidest tehtud pistikutest kahjuks noortaimi ei saanud (see on t\u00e4iesti loomulik osa taimede kasvatamisprotsessist). <strong>Kasvama l\u00e4inud taimede<\/strong> osakaal oli siiski v\u00e4ga suur, moodustades 80-95% tehtud pistikute arvust.<\/p>\n<p><b>Maitsetaimede kasvukoha keskmine temperatuur <\/b>oli 21,5 kraadi Celsiust.<\/p>\n<p><strong>Valgushulga m\u00f5\u00f5tmine<\/strong> tekitas r\u00fchmadele raskusi. Lasteaia r\u00fchmade jaoks oli tegemist eelk\u00f5ige \u00fclesandega, mis j\u00e4i \u00f5petajate kanda- meil on v\u00e4ga hea meel, et seda siiski tegite. Valgus on taimede kasvu seisukohast v\u00e4ga t\u00e4htsal kohal ning valgusk\u00fcllastes kasvukohtades kasvavad taimed paremini kui pimedas. Seet\u00f5ttu otsustasimegi valgushulga m\u00f5\u00f5tmise katseandmete tabelisse lisada.<\/p>\n<p>Projektis osalenud r\u00fchmad panustasid loomulikule valgusele-<strong> taimelampi<\/strong> kasutasid v\u00e4ga v\u00e4hesed r\u00fchmad.<\/p>\n<p>Emataimedest tehti pistikuid v\u00e4hemalt kahel korral, kuid oli ka neid osalejaid, kellel \u00f5nnestus teha pistikuid neljal ja isegi enamal korral.<\/p>\n<p>Projekti ametlikuks l\u00f5puks saadi keskmiselt emataimest pistikuid tehes kuus uut maitsetaime. Pistikute tegemise edukuse protsendiks oli piparm\u00fcndi taime puhul keskmiselt 93%. Sidrunmelissi puhul oli vastavaks n\u00e4itajaks 85%.<\/p>\n<p>Projekt l\u00f5ppes ametlikult 8.mail 2022, kuid paljud grupid otsustasid maitsetaimede kasvatamist j\u00e4tkata, sest taimed olid veel t\u00e4ies eluj\u00f5us ja plaanisid projektis osalejaid veelgi r\u00f5\u00f5mustada.<\/p>\n<p><strong>Ait\u00e4h teile veelkord, toredat suvepuhkust ja uute kohtumiseni!<\/strong><\/p>\n","protected":false},"excerpt":{"rendered":"<p>Selle-aastane taimeprojekt \u201eMaitsetaimedega s\u00f5braks!\u201c on ametlikult l\u00f5ppenud. Projekt kestis kokku 12 n\u00e4dalat. Selle aja jooksul saime tunda nii r\u00f5\u00f5mu kui muresid. Suur r\u00f5\u00f5m oli taimede k\u00e4ttesaamine ja nende tundma\u00f5ppimine, emataimede \u00fcmberistutamine ning paljundatud taimede jagamine. Muret p\u00f5hjustasid kahjurid, kes tahtsid taimedest oma osa saada. Kurvav\u00f5itu oli piparm\u00fcnditaime seisukord- tegu oli sisseostetud ning sidrunmelissist erineval meetodil\u00a0 kasvatatud taimedega. Seda seet\u00f5ttu, et just enne jaotuspunktidesse laiali saatmist tabas meie kasvatatud piparm\u00fcnditaimi haigus ja neid ei olnud v\u00f5imalik osalejatele saata. M\u00f5ned r\u00fchmad pidid emataimede h\u00e4vimise t\u00f5ttu oma projekti juba varakult l\u00f5petama v\u00f5i j\u00e4tkama \u00fche emataimega. Projekti raames toimus kaks v\u00f5istlust. Projekti loomekonkursile ja..<\/p>\n","protected":false},"author":2,"featured_media":0,"parent":24,"menu_order":0,"comment_status":"closed","ping_status":"closed","template":"","meta":{"footnotes":""},"class_list":["post-216","page","type-page","status-publish","hentry"],"_links":{"self":[{"href":"https:\/\/aianduskool.ee\/taimeprojekt2022\/wp-json\/wp\/v2\/pages\/216","targetHints":{"allow":["GET"]}}],"collection":[{"href":"https:\/\/aianduskool.ee\/taimeprojekt2022\/wp-json\/wp\/v2\/pages"}],"about":[{"href":"https:\/\/aianduskool.ee\/taimeprojekt2022\/wp-json\/wp\/v2\/types\/page"}],"author":[{"embeddable":true,"href":"https:\/\/aianduskool.ee\/taimeprojekt2022\/wp-json\/wp\/v2\/users\/2"}],"replies":[{"embeddable":true,"href":"https:\/\/aianduskool.ee\/taimeprojekt2022\/wp-json\/wp\/v2\/comments?post=216"}],"version-history":[{"count":5,"href":"https:\/\/aianduskool.ee\/taimeprojekt2022\/wp-json\/wp\/v2\/pages\/216\/revisions"}],"predecessor-version":[{"id":234,"href":"https:\/\/aianduskool.ee\/taimeprojekt2022\/wp-json\/wp\/v2\/pages\/216\/revisions\/234"}],"up":[{"embeddable":true,"href":"https:\/\/aianduskool.ee\/taimeprojekt2022\/wp-json\/wp\/v2\/pages\/24"}],"wp:attachment":[{"href":"https:\/\/aianduskool.ee\/taimeprojekt2022\/wp-json\/wp\/v2\/media?parent=216"}],"curies":[{"name":"wp","href":"https:\/\/api.w.org\/{rel}","templated":true}]}}