{"id":210,"date":"2014-02-25T18:39:02","date_gmt":"2014-02-25T16:39:02","guid":{"rendered":"http:\/\/tomatiaianduskool.ee\/?page_id=210"},"modified":"2015-02-07T20:51:12","modified_gmt":"2015-02-07T18:51:12","slug":"opetaja-katrin-teeb-kaasa","status":"publish","type":"page","link":"https:\/\/aianduskool.ee\/tomatiprojekt\/?page_id=210","title":{"rendered":"\u00d5petaja Katrin teeb kaasa!"},"content":{"rendered":"<p>Tere head tomatis\u00f5brad!<\/p>\n<p>Minu viimasest postitusest on palju aega m\u00f6\u00f6da l\u00e4inud ja vaheaegki alanud. Vahepeal on aianduskoolis toimunud aednike kutsev\u00f5istlused, avatus uste p\u00e4ev, kooli 90. juubeli s\u00fcnnip\u00e4eva pidu ja vastu v\u00f5etud &#8220;S\u00f5brap\u00e4eva tomatiprojekti&#8221; Keskkonnak\u00e4pa auhinnad. Siinkohal t\u00e4nan k\u00f5iki suuri ja v\u00e4ikseid tomatis\u00f5pru ning niisama kaasaelajaid ja toetajaid.<\/p>\n<p>Kuid n\u00fc\u00fcd tahan jagada tomatikasvatamise katsetuse tulemusi.<\/p>\n<p>K\u00f5ige rohkem oli 26. veebruariks p\u00e4rislehti k\u00f5ige v\u00e4iksemal &#8216;Venus&#8217;, tavakasvatuse taimel. K\u00f5ige v\u00e4iksem oli see taim, sest klassi toomisel sai tema varre tipp kahjustada ning ta pidi uue tipu kasvatama.<\/p>\n<p>K\u00f5ige esimesena oli \u00f5isikut n\u00e4ha\u00a0mahe &#8216;Venus&#8217; el. \u00d5is aga avanes esimesena hoopiski tava &#8216;Venus&#8217;el. Samal taimel ilmus esimesena ka viljahakatis ja v\u00e4rvus vili. K\u00f5ige enam v\u00e4rvunud vilju sain mahe &#8216;Venus&#8217;elt (26 vilja), j\u00e4rgnes tava &#8216;Vilma&#8217; (24 vilja) ning mahe &#8216;Vilma&#8217; (22 vilja). K\u00f5ige v\u00e4hem ja suisa oluliselt v\u00e4hem sain v\u00e4rvunud tomateid k\u00f5ige v\u00e4iksemalt taimelt (tava &#8216;Venus&#8217;, 6 tk). Kokku sain katsetuse perioodi l\u00f5puks 78 valminud vilja. Maitsta said kolleegid. Ise ka ilma ei j\u00e4\u00e4nud. \ud83d\ude42 \u00dcldjuhul maitses erilist erinevust ei tuntud. Botaanika \u00f5petaja Malle Terepson-Madisson leidis, et mahedal tomativiljal on siiski v\u00fcrtsikam maitse. K\u00f5iki (ka rohelisi) vilju ma veel kokku lugenud veel ei ole. Taimed \u00f5itsevad ja vilju tekib aina juurde.<\/p>\n<p>Kui suureks taimed kasvasid?<\/p>\n<p>Taimede k\u00f5rgused olid 39-48 cm, l\u00e4bim\u00f5\u00f5t aga 47-59 cm. Panin t\u00e4hele, et viljade kandmise ajal taimed enam eriti hoogsalt ei kasvanud. Taime l\u00e4bim\u00f5\u00f5t s\u00f5ltus mitmesugustest teguritest: vee sisaldus taimes, ilm ja temperatuur (p\u00e4ikeseline, pilvine), viljade arv ja suurus. Kui m\u00f5\u00f5tmise ajal sisaldas taim sisaldas v\u00e4hem vett ja\/ v\u00f5i oli p\u00e4ikeseline ilm, olid lehed pisut allapoole suunatud. Kui aga ilm oli jahedam ja pilvine, sisaldasid taimed enam\u00a0vett, olid lehed v\u00e4lja sirutunud. V\u00e4ljasirutunud lehtedega taimede l\u00e4bim\u00f5\u00f5t on aga suurem kui allapoole suunatud lehtedega taimel. Nii v\u00f5iski m\u00f5\u00f5tmisel juhtuda, et kord oli taime l\u00e4bim\u00f5\u00f5t nt 52 cm ja j\u00e4rgmisel korral hoopiski 50 cm. Tundus nagu taim oleks v\u00e4iksemaks j\u00e4\u00e4nud. tegelikult ei olnud aga lehed nii v\u00e4lja sirutunud. Kui nii juhtus, siis m\u00e4rkisin tabelisse sama l\u00e4bim\u00f5\u00f5du, mis oli eelmisel korral. Viljade arv ja suurus samuti m\u00f5jutas taime l\u00e4bim\u00f5\u00f5tu. Viljade kasvamine koolutas varsi, mis muutis l\u00e4bim\u00f5\u00f5du suuremaks. Selline olukord tekkis tava &#8216;Venus&#8217; el, kelle l\u00e4bim\u00f5\u00f5t muutus \u00fchel korral n\u00e4dalaga 9 cm.<\/p>\n<p>K\u00f5iki m\u00f5\u00f5tmistulemusi saab vaadata ikka\u00a0<a href=\"https:\/\/docs.google.com\/spreadsheet\/ccc?key=0AsDhoPkdt94XdGl5M3MzRjNaOE05R1VPMzhUSGd4alE&amp;usp=sharing\" target=\"_blank\">tabelis<\/a>t.<\/p>\n<p>&nbsp;<\/p>\n<p>Mis saab taimedest suvel?<\/p>\n<p>Viimane koolip\u00e4ev on mul 11. juuli. Seej\u00e4el viin taimed koju ja kasvatan \u00a0edasi. Kui \u00f5nnestub, toon nad s\u00fcgisel klassi tagasi, misj\u00e4rel uurin, kas s\u00fcgisel ja talvel ka veel aknalaual tomati vilju valmib. Sellest aga kirjutan s\u00fcgisel.<\/p>\n<p>N\u00fc\u00fcd aga \u00fcks tore pilt 26. maist. \ud83d\ude42<\/p>\n<p><a href=\"http:\/\/aianduskool.ee\/tomatiprojekt\/wp-content\/uploads\/2014\/02\/2014-05-26-17.03.10.jpg\"><img loading=\"lazy\" decoding=\"async\" class=\"alignnone size-medium wp-image-739\" src=\"http:\/\/aianduskool.ee\/tomatiprojekt\/wp-content\/uploads\/2014\/02\/2014-05-26-17.03.10-224x300.jpg\" alt=\"2014-05-26 17.03.10\" width=\"224\" height=\"300\" srcset=\"https:\/\/aianduskool.ee\/tomatiprojekt\/wp-content\/uploads\/2014\/02\/2014-05-26-17.03.10-224x300.jpg 224w, https:\/\/aianduskool.ee\/tomatiprojekt\/wp-content\/uploads\/2014\/02\/2014-05-26-17.03.10-764x1024.jpg 764w, https:\/\/aianduskool.ee\/tomatiprojekt\/wp-content\/uploads\/2014\/02\/2014-05-26-17.03.10.jpg 1936w\" sizes=\"auto, (max-width: 224px) 100vw, 224px\" \/><\/a><\/p>\n<p>Joonis 1. Tava &#8216;Vilma&#8217; \u00fcllatas!<\/p>\n<p>&nbsp;<\/p>\n<p>Ma soovin k\u00f5igile tomatis\u00f5pradele m\u00f5nusat, p\u00f5nevat ja elamusterohket suve ning kohtumiseni s\u00fcgisel!<\/p>\n<p>\u00d5p. Katrin<\/p>\n<p>&nbsp;<\/p>\n<p>*************************************************************************<\/p>\n<p>Tere!<\/p>\n<p>T\u00e4na (28. aprill) on siis see tore p\u00e4ev, mil esimesed viljad on v\u00e4rvunud. Esimesena v\u00e4rvusid tava &#8216;Venus&#8217;e viljad, ja kohe kaks t\u00fckki. See on sama taim, kes ka esimesena \u00f5isi ja vilju n\u00e4itas. \u00d5itsemisest vilja v\u00e4rvumiseni kulus 41 p\u00e4eva.<\/p>\n<p><a href=\"http:\/\/aianduskool.ee\/tomatiprojekt\/wp-content\/uploads\/2014\/02\/2014-04-28-13.23.28.jpg\"><img loading=\"lazy\" decoding=\"async\" class=\"alignnone size-medium wp-image-541\" src=\"http:\/\/aianduskool.ee\/tomatiprojekt\/wp-content\/uploads\/2014\/02\/2014-04-28-13.23.28-224x300.jpg\" alt=\"2014-04-28 13.23.28\" width=\"224\" height=\"300\" srcset=\"https:\/\/aianduskool.ee\/tomatiprojekt\/wp-content\/uploads\/2014\/02\/2014-04-28-13.23.28-224x300.jpg 224w, https:\/\/aianduskool.ee\/tomatiprojekt\/wp-content\/uploads\/2014\/02\/2014-04-28-13.23.28-764x1024.jpg 764w, https:\/\/aianduskool.ee\/tomatiprojekt\/wp-content\/uploads\/2014\/02\/2014-04-28-13.23.28.jpg 1936w\" sizes=\"auto, (max-width: 224px) 100vw, 224px\" \/><\/a><\/p>\n<p>Joonis 1. &#8216;Venus&#8217;e esimesed v\u00e4rvunud viljad.<\/p>\n<p>&nbsp;<\/p>\n<p>Soovin k\u00f5igile ikka m\u00f5nusat kevadet ! \u00a0\ud83d\ude42<\/p>\n<p>&nbsp;<\/p>\n<p>**************************************************************************<\/p>\n<p>&nbsp;<\/p>\n<p>Tere k\u00f5ik head tomatis\u00f5brad!<\/p>\n<p>Sellest on k\u00fcll juba palju aega m\u00f6\u00f6da l\u00e4inud, kui ma viimati sain mahti siia oma muljeid-m\u00f5tteid kirjutada. Vahepeal olen kaks korda taimi v\u00e4etanud, igal n\u00e4dalal neid m\u00f5\u00f5tnud ja andmed tabelisse kandnud. M\u00f5\u00f5tmistulemusi saab vaadata ikka\u00a0<a href=\"https:\/\/docs.google.com\/spreadsheet\/ccc?key=0AsDhoPkdt94XdGl5M3MzRjNaOE05R1VPMzhUSGd4alE&amp;usp=sharing\" target=\"_blank\">sellest tabelist<\/a>. \u00a0T\u00e4naseks on ka k\u00f5ikidel taimedel viljad.<\/p>\n<p>P\u00fchade t\u00f5ttu muidugi juhtus mul n-\u00f6 \u00f5nnetus. Taimed j\u00e4id klassi omap\u00e4i p\u00e4ris mitmeks p\u00e4evaks. Viimane kastmine toimus kolmap\u00e4eval, 16. aprillil. Esmasp\u00e4evaks, 21. aprilliks olid k\u00f5ik taimed n\u00e4rtsinud ja &#8216;Vilma&#8217; -del alumised lehed tugevalt kollaseks muutunud. Taoline olukord juhtus seet\u00f5ttu, et p\u00e4ike kandis h\u00e4sti taimede eest h\u00e4sti hoolt, oli soe ja erk, kuivatas potis oleva substraadi ning taimedel tekkis vee- ja toitainete puudus. \u00a0Kastmine &#8220;\u00e4ratas&#8221; k\u00fcll taimede ellu, kuid kollased lehed roheliseks enam tagasi ei muutu.<\/p>\n<p>Veel v\u00f5in t\u00e4helepanekutest \u00f6elda j\u00e4rgmist:<\/p>\n<ul>\n<li>\u00a0taimed, kes on viljad kasvatanud, k\u00f5rgusesse enam eriti ei kasva;<\/li>\n<li>&#8216;Vilma&#8217; tahab oluliselt rohkem kastmist kui &#8216;Venus&#8217;;<\/li>\n<li>&#8216;Vilma&#8217; -le tekib rohkem \u00f5isi ja taim on kasvult suurem ning tihedam;<\/li>\n<li>&#8216;Vilma&#8217; vajab toestamist, et ta raskuse all \u00fcmber ei kukuks ja peavars ei murduks;<\/li>\n<li>&#8216;Vilma&#8217; on kasvult laiuvam ja &#8216;Venus&#8217; kiitsakam.<\/li>\n<\/ul>\n<p>Kas teiega, s\u00f5brad, on sama lugu v\u00f5i n\u00e4itavad teie taimed teistsuguseid m\u00e4rke?<\/p>\n<p><a href=\"http:\/\/aianduskool.ee\/tomatiprojekt\/wp-content\/uploads\/2014\/02\/2014-04-24-10.37.15.jpg\"><img loading=\"lazy\" decoding=\"async\" class=\"alignnone size-medium wp-image-521\" src=\"http:\/\/aianduskool.ee\/tomatiprojekt\/wp-content\/uploads\/2014\/02\/2014-04-24-10.37.15-224x300.jpg\" alt=\"2014-04-24 10.37.15\" width=\"224\" height=\"300\" srcset=\"https:\/\/aianduskool.ee\/tomatiprojekt\/wp-content\/uploads\/2014\/02\/2014-04-24-10.37.15-224x300.jpg 224w, https:\/\/aianduskool.ee\/tomatiprojekt\/wp-content\/uploads\/2014\/02\/2014-04-24-10.37.15-764x1024.jpg 764w, https:\/\/aianduskool.ee\/tomatiprojekt\/wp-content\/uploads\/2014\/02\/2014-04-24-10.37.15.jpg 1936w\" sizes=\"auto, (max-width: 224px) 100vw, 224px\" \/><\/a><\/p>\n<p>Joonis 1. Tomatitaimed 24. aprillil.<\/p>\n<p>&nbsp;<\/p>\n<p>Aga teate s\u00f5brad! Ma katsetan siin klassis veel muidki toredusi. \ud83d\ude42 Nimelt, panin kaks avokaado seemet n-\u00f6 hakkama. See t\u00e4hendab, et proovin avokaado seemnetest taimi saada. Selleks kasutan kahte meetodit:<\/p>\n<ol>\n<li>seemne idandamine vees,<\/li>\n<li>seemne idandamine kasvusubrstraadis.<\/li>\n<\/ol>\n<p>Seemned panin mulda ja vette 5. m\u00e4rtsil. T\u00e4naseks (24. aprill) on m\u00f5lemal juhul n\u00e4ha, et taim hakkab kasvama.<\/p>\n<p><a href=\"http:\/\/aianduskool.ee\/tomatiprojekt\/wp-content\/uploads\/2014\/02\/2014-04-24-11.22.07.jpg\"><img loading=\"lazy\" decoding=\"async\" class=\"alignnone size-medium wp-image-522\" src=\"http:\/\/aianduskool.ee\/tomatiprojekt\/wp-content\/uploads\/2014\/02\/2014-04-24-11.22.07-300x224.jpg\" alt=\"2014-04-24 11.22.07\" width=\"300\" height=\"224\" srcset=\"https:\/\/aianduskool.ee\/tomatiprojekt\/wp-content\/uploads\/2014\/02\/2014-04-24-11.22.07-300x224.jpg 300w, https:\/\/aianduskool.ee\/tomatiprojekt\/wp-content\/uploads\/2014\/02\/2014-04-24-11.22.07-1024x764.jpg 1024w\" sizes=\"auto, (max-width: 300px) 100vw, 300px\" \/><\/a><\/p>\n<p>Joonis 2. Avokaado seeme subrstraadis ja vees.<\/p>\n<p>&nbsp;<\/p>\n<p>Soovin k\u00f5igile ikka m\u00f5nusat ja p\u00e4ikeselist kevadet!<\/p>\n<p>Katsetage midagi uut! \ud83d\ude42<\/p>\n<p>&nbsp;<\/p>\n<p>Katrin<\/p>\n<p>&nbsp;<\/p>\n<p>**************************************************************************<\/p>\n<p>&nbsp;<\/p>\n<p>Tere tomatis\u00f5brad!<\/p>\n<p>N\u00e4dal m\u00f6\u00f6das ja t\u00e4na (27. 03) m\u00f5\u00f5tsin taimi. Tulemusi saab vaadata <a href=\"https:\/\/docs.google.com\/spreadsheet\/ccc?key=0AsDhoPkdt94XdGl5M3MzRjNaOE05R1VPMzhUSGd4alE&amp;usp=sharing\" target=\"_blank\">tabelist<\/a>.<\/p>\n<p>N\u00e4dala alguses aga m\u00e4rkasin, et vaid &#8220;mahe&#8221; &#8216;Vilmal&#8217; ei ole veel \u00f5ied avanenud. Samuti on esimesena \u00f5isi n\u00e4idanud taimel (&#8220;tava&#8221; &#8216;Venus&#8217;) esimesed viljahakatised. Loodan, et j\u00e4rgmisel n\u00e4dalal on ka teistel taimedel viljahakatised ning taim, kes veel ei \u00f5itse ka oma \u00f5ied l\u00f5puks avab.<\/p>\n<p><a href=\"http:\/\/aianduskool.ee\/tomatiprojekt\/wp-content\/uploads\/2014\/02\/2014-03-27-08.49.07.jpg\"><img loading=\"lazy\" decoding=\"async\" class=\"alignnone size-medium wp-image-332\" src=\"http:\/\/aianduskool.ee\/tomatiprojekt\/wp-content\/uploads\/2014\/02\/2014-03-27-08.49.07-300x224.jpg\" alt=\"2014-03-27 08.49.07\" width=\"300\" height=\"224\" srcset=\"https:\/\/aianduskool.ee\/tomatiprojekt\/wp-content\/uploads\/2014\/02\/2014-03-27-08.49.07-300x224.jpg 300w, https:\/\/aianduskool.ee\/tomatiprojekt\/wp-content\/uploads\/2014\/02\/2014-03-27-08.49.07-1024x764.jpg 1024w\" sizes=\"auto, (max-width: 300px) 100vw, 300px\" \/><\/a><\/p>\n<p>Joonis 1. Esimesed pisikesed viljad (&#8220;tava&#8221; &#8216;Venus&#8217;).<\/p>\n<p>Kuna klassis on soe ning p\u00e4ikeseliste ilmade korral paistab p\u00e4ike otse taimedele, siis pean suhteliselt tihti kastma. \u00a0Taimi kastan \u00fcle p\u00e4eva v\u00f5i \u00fcle kahe p\u00e4eva.<\/p>\n<p>Homme m\u00f6\u00f6dub kom n\u00e4dalat taimede \u00fcmberistutamisest. J\u00e4rgmisel n\u00e4dalal teen algust v\u00e4etamisega.<\/p>\n<p>Teisip\u00e4eval (25. 03) k\u00e4isin kooli kasvuhoones kasvavaid tomateid uurimas. M\u00f5ned taimed on kasvanud ikka \u00fclisuureks ja k\u00f5rgeks. Pikkuseks v\u00f5ib k\u00f5rgematel taimedel arvata umbes 1,5 meetrit olevat. Lisan m\u00f5ned pildid ka.<\/p>\n<p><a href=\"http:\/\/aianduskool.ee\/tomatiprojekt\/wp-content\/uploads\/2014\/02\/2014-03-25-14.24.12.jpg\"><img loading=\"lazy\" decoding=\"async\" class=\"alignnone size-medium wp-image-333\" src=\"http:\/\/aianduskool.ee\/tomatiprojekt\/wp-content\/uploads\/2014\/02\/2014-03-25-14.24.12-300x224.jpg\" alt=\"2014-03-25 14.24.12\" width=\"300\" height=\"224\" srcset=\"https:\/\/aianduskool.ee\/tomatiprojekt\/wp-content\/uploads\/2014\/02\/2014-03-25-14.24.12-300x224.jpg 300w, https:\/\/aianduskool.ee\/tomatiprojekt\/wp-content\/uploads\/2014\/02\/2014-03-25-14.24.12-1024x764.jpg 1024w\" sizes=\"auto, (max-width: 300px) 100vw, 300px\" \/><\/a><\/p>\n<p>&nbsp;<\/p>\n<p>Joonis 2. Kasvuhoone lavadel kasvavad tomatitaimed.<\/p>\n<p><a href=\"http:\/\/aianduskool.ee\/tomatiprojekt\/wp-content\/uploads\/2014\/02\/1.jpg\"><img loading=\"lazy\" decoding=\"async\" class=\"alignnone size-medium wp-image-334\" src=\"http:\/\/aianduskool.ee\/tomatiprojekt\/wp-content\/uploads\/2014\/02\/1-224x300.jpg\" alt=\"1\" width=\"224\" height=\"300\" srcset=\"https:\/\/aianduskool.ee\/tomatiprojekt\/wp-content\/uploads\/2014\/02\/1-224x300.jpg 224w, https:\/\/aianduskool.ee\/tomatiprojekt\/wp-content\/uploads\/2014\/02\/1-764x1024.jpg 764w, https:\/\/aianduskool.ee\/tomatiprojekt\/wp-content\/uploads\/2014\/02\/1.jpg 1549w\" sizes=\"auto, (max-width: 224px) 100vw, 224px\" \/><\/a><\/p>\n<p>Joonis 3. Nii kasvatatakse tomatit suurtes tootmiskasvuhoonetes.<\/p>\n<p>&nbsp;<\/p>\n<p>Soovin p\u00e4ikeselist kevadet ja olge ikka \u00f5ues!<\/p>\n<p>&nbsp;<\/p>\n<p>**************************************************************************<\/p>\n<p>Tere, tere, tere!<\/p>\n<p>Kas te teate, kallid s\u00f5brad, et homme algab KEVAD! Kui ei usu, vaadake kalendrist j\u00e4rele. Minu oma \u00fctleb, et 20. m\u00e4rtsil kell 18.56 algab kevad. Ootame siis \u00e4ra ja kui aeg on k\u00e4es, plaksutame k\u00e4si ja h\u00f5iskame r\u00f5\u00f5must!<\/p>\n<p>T\u00e4na (19. 03) viisin l\u00e4bi j\u00e4llegi taimede m\u00f5\u00f5tmise. Kaugelt vaadates tundus, et nad pole eriti kasvanud. M\u00f5\u00f5tmistulemused aga n\u00e4itasid, et taimed on kenasti uute pottidega kohanenud ning suuremaks kasvanud. Tabeli ja m\u00f5\u00f5tmistulemustega saab tutvuda <a href=\"https:\/\/docs.google.com\/spreadsheet\/ccc?key=0AsDhoPkdt94XdGl5M3MzRjNaOE05R1VPMzhUSGd4alE&amp;usp=sharing\" target=\"_blank\">siin<\/a>.<\/p>\n<p>M\u00f5\u00f5tmise k\u00e4igus hakkas silma, et tavasubstraadis kasvav &#8216;Venus&#8217; on oma esimesed \u00f5ied (3 tk) avanud.<\/p>\n<p><a href=\"http:\/\/aianduskool.ee\/tomatiprojekt\/wp-content\/uploads\/2014\/02\/2014-03-19-12.13.20.jpg\"><img loading=\"lazy\" decoding=\"async\" class=\"alignnone size-medium wp-image-313\" src=\"http:\/\/aianduskool.ee\/tomatiprojekt\/wp-content\/uploads\/2014\/02\/2014-03-19-12.13.20-300x300.jpg\" alt=\"2014-03-19 12.13.20\" width=\"300\" height=\"300\" srcset=\"https:\/\/aianduskool.ee\/tomatiprojekt\/wp-content\/uploads\/2014\/02\/2014-03-19-12.13.20-300x300.jpg 300w, https:\/\/aianduskool.ee\/tomatiprojekt\/wp-content\/uploads\/2014\/02\/2014-03-19-12.13.20-150x150.jpg 150w, https:\/\/aianduskool.ee\/tomatiprojekt\/wp-content\/uploads\/2014\/02\/2014-03-19-12.13.20-1024x1024.jpg 1024w, https:\/\/aianduskool.ee\/tomatiprojekt\/wp-content\/uploads\/2014\/02\/2014-03-19-12.13.20.jpg 1936w\" sizes=\"auto, (max-width: 300px) 100vw, 300px\" \/><\/a><\/p>\n<p>Joonis 1. Tava &#8216;Venus&#8217;\u00a0\u00f5itsemas.<\/p>\n<p>Ei teagi t\u00e4pselt, millal see juhtus, sest olin m\u00f5ned p\u00e4evad eemal. Arvata v\u00f5ib, et tegelikult olid \u00f5ied avanenud juba eile. Tabelisse m\u00e4rkisin ikka t\u00e4nase p\u00e4eva, sest just t\u00e4na ma \u00f5isi m\u00e4rkasin. Peagi avaneb \u00f5pienupp ka mahedalt kasvatataval &#8216;Venus&#8217;el. \u00a0&#8216;Vilma&#8217; taimedel on \u00f5ienupud veel v\u00e4iksed ja avanemise m\u00e4rke ei n\u00e4ita. Seega v\u00f5in v\u00e4ita, et &#8216;Venus&#8217; on varajasema saagikusega kui &#8216;Vilma&#8217;. \u00a0Kas see v\u00e4ide ka paika peab, n\u00e4itavad j\u00e4rgnevad n\u00e4dalad ja kuud.<\/p>\n<p>T\u00e4na hommikul ka kastsin taimi. V\u00e4etanud veel ei ole.<\/p>\n<p>Soovin k\u00f5igile tomatis\u00f5pradele kaunist algavat kevadet ja r\u00f5\u00f5mu tomatitaimede kasvatamisel<\/p>\n<p>&nbsp;<\/p>\n<p>&nbsp;<\/p>\n<p><span style=\"color: #333300;\">**************************************************************************<\/span><\/p>\n<p>Tere k\u00f5igile!<\/p>\n<p>T\u00e4na m\u00f5\u00f5tsin taaskord taimi ning t\u00e4itsin tabelit. Ma ei oodanud m\u00f5\u00f5tudes suurt erinevust v\u00f5rreldes eelmise n\u00e4dalaga. Istutasin ju taimed \u00f5p. Tairi soovitusel s\u00fcgavamale, kui nad enne kasvasid. Taimi m\u00f5\u00f5tsin ikka kasvusubstraadi pinnalt.<\/p>\n<p>M\u00f5\u00f5tmistulemustest aga selgus, et \u00fcmberistutamine on taimedele h\u00e4sti m\u00f5junud. Igal taimel on n\u00fc\u00fcd oma pott ja ruumi kasvuks piisavalt. Uue kasvusubstraadi lisamine suurendas ka tomatile vajalike toitainete hulka, \u00a0mida taim juurte abil omastab. Kindlasti on kasvule h\u00e4sti m\u00f5junud ka \u00f5ues valitsevad p\u00e4ikeselised ja soojad ilmad. Tomat ju armastab p\u00e4ikest ja soojust!<\/p>\n<p>Sel n\u00e4dalal ma taimi kastnud veel ei ole. Kasvusubstraati on n\u00fc\u00fcd pottides rohkem ja selle l\u00e4bikuivamine v\u00f5tab kauem aega kui v\u00e4ikeste kassettide puhul.<\/p>\n<p>L\u00e4hemal vaatlemisel selgus, et taim, mille tipp oli murdunud, n\u00e4itab esimesi imepisikesi \u00f5ienuppe. Tipu murdumine pidurdas taime arengut kaks n\u00e4dalat. Samuti panin t\u00e4hele, et l\u00fchemaks on j\u00e4\u00e4nud need taimed, kes olid alguses aknaklaasi pool. Neile oli valgus otseselt avatud ja v\u00e4ljavenimine oli minimaalne. K\u00f5rgemad on j\u00e4tkuvalt need taimed, kes olid teiste taimede varjus ja olid enam v\u00e4lja veninud. \u00a0Mahedas kasvusubstraadis kasvava &#8216;Venuse&#8217; taimel sain n\u00fc\u00fcd m\u00f5\u00f5ta vaid varre pikkust, sest taim saab enam valgust ning on lehed p\u00f6\u00f6ranud normaalsesse asendisse.<\/p>\n<p>M\u00f5\u00f5tmistulemusi saab vaadata <a href=\"https:\/\/docs.google.com\/spreadsheet\/ccc?key=0AsDhoPkdt94XdGl5M3MzRjNaOE05R1VPMzhUSGd4alE&amp;usp=sharing\" target=\"_blank\">tabelist<\/a>.<\/p>\n<p>N\u00fc\u00fcd on saabunud aeg ka lillede seemneid k\u00fclvata! Mulda peaksid sattuma lobeeliate, lemmmaltsade, petuuniate, raud\u00fcrtide, l\u00f5vil\u00f5ugade seemned. Kindlasti tuleks praegu \u00fcmber istutada ja uuendada toalilli.<\/p>\n<p>Soovin k\u00f5igile head ja m\u00f5nusat, peagi saabuvat emakeelep\u00e4eva!<\/p>\n<p>&nbsp;<\/p>\n<p><span style=\"color: #003300;\">**************************************************************************<\/span><\/p>\n<p>Tere k\u00f5igile tomatis\u00f5pradele!<\/p>\n<p>Eelmine n\u00e4dal kujunes ikka nii, et tomatitaimed sain \u00fcmberistutatud alles reedel (7. 03). \u00a0Taimed istutasin 3 liitristesse pottidesse. Mahe subrstraadiks kasutasin Matogardi k\u00f6\u00f6givilja bio-mulda. \u00a0Tava-variandi taimed istutasin lillemulla sisse, mida kasutasime toataimede \u00fcmberistuamisel. See sai valitud just sellep\u00e4rast, et oli k\u00e4ep\u00e4rast v\u00f5tta. \ud83d\ude42<\/p>\n<p><a href=\"http:\/\/aianduskool.ee\/tomatiprojekt\/wp-content\/uploads\/2014\/02\/2014-03-07-09.09.49.jpg\"><img loading=\"lazy\" decoding=\"async\" class=\"alignnone size-medium wp-image-292\" src=\"http:\/\/aianduskool.ee\/tomatiprojekt\/wp-content\/uploads\/2014\/02\/2014-03-07-09.09.49-224x300.jpg\" alt=\"2014-03-07 09.09.49\" width=\"224\" height=\"300\" srcset=\"https:\/\/aianduskool.ee\/tomatiprojekt\/wp-content\/uploads\/2014\/02\/2014-03-07-09.09.49-224x300.jpg 224w, https:\/\/aianduskool.ee\/tomatiprojekt\/wp-content\/uploads\/2014\/02\/2014-03-07-09.09.49-764x1024.jpg 764w, https:\/\/aianduskool.ee\/tomatiprojekt\/wp-content\/uploads\/2014\/02\/2014-03-07-09.09.49.jpg 1936w\" sizes=\"auto, (max-width: 224px) 100vw, 224px\" \/><\/a><\/p>\n<p>Joonis 1. Matogard, k\u00f6\u00f6givilja bio-muld.<\/p>\n<p>Taimede \u00fcmberistutamisel l\u00e4htusin \u00f5petaja Tairi soovitustest, mis ta <a href=\"http:\/\/www.youtube.com\/watch?v=-JeSQ8ZXkGc\" target=\"_blank\">video<\/a>s v\u00e4lja t\u00f5i. Enne istutamist v\u00f5tsin taimed kassetist v\u00e4lja. J\u00e4lgisin hoolikalt, et taimed segamini ei l\u00e4heks. Mul oli kaks suuremat taime, kaks olid aga kasvus v\u00e4iksemaks j\u00e4\u00e4nud. Kassetist v\u00e4lja v\u00f5ttes selgus, et v\u00e4iksematel taimedel ei olnud veel tugevaid mullapalle tekkinud. Oleksin v\u00f5inud veel \u00fche n\u00e4dala oodata&#8230; Kuna aga olin taimed kasstetist v\u00e4lja v\u00f5tnud, oli need vaja ikkagi pottidesse istutada.<\/p>\n<p>Enne istutamist lisasin poti p\u00f5hja kasvusubstraati, umbes poole jagu. Taimelt eemaldasin idulehed (v\u00e4iksemad) ja kaks alumist suuremat (p\u00e4ris)lehte. Seej\u00e4rel paigutasin taime poti keskele ning lisasin kasvusubstraati. Kasvusubstraati lisasin niikaua kui pott t\u00e4is sai. Servad surusin h\u00e4sti kinni, taime varre \u00fcmbert samuti. Taim sattus 2-4 cm s\u00fcgavamale, kui ta enne kasvas. Tomatitaime v\u00f5ib s\u00fcgavamale istutada, sest tema varrele tekivad lisajuured, mis aitavad taimel mullast vett ja toitaineid omastada. Kogu istutamisprotsessi ajal j\u00e4lgisin, et taim viga ei saaks. Istutamise j\u00e4rel kleepisin pottidele kleepsud ja lisasin nimesildid, et oleks lihtsam taimi j\u00e4lgida. \u00a0P\u00e4rast istutamist kastsin taimi korralikult ja paigutasin potid aknalauale. Vaatamata p\u00e4ikeselistele p\u00e4evadele (laup\u00e4ev ja p\u00fchap\u00e4ev), t\u00e4na taimed kastmist ei vajanud.<\/p>\n<p>N\u00fc\u00fcd aga pilte ka \ud83d\ude42<\/p>\n<p><a href=\"http:\/\/aianduskool.ee\/tomatiprojekt\/wp-content\/uploads\/2014\/02\/2014-03-07-08.50.48.jpg\"><img loading=\"lazy\" decoding=\"async\" class=\"alignnone size-medium wp-image-293\" src=\"http:\/\/aianduskool.ee\/tomatiprojekt\/wp-content\/uploads\/2014\/02\/2014-03-07-08.50.48-224x300.jpg\" alt=\"2014-03-07 08.50.48\" width=\"224\" height=\"300\" srcset=\"https:\/\/aianduskool.ee\/tomatiprojekt\/wp-content\/uploads\/2014\/02\/2014-03-07-08.50.48-224x300.jpg 224w, https:\/\/aianduskool.ee\/tomatiprojekt\/wp-content\/uploads\/2014\/02\/2014-03-07-08.50.48-764x1024.jpg 764w, https:\/\/aianduskool.ee\/tomatiprojekt\/wp-content\/uploads\/2014\/02\/2014-03-07-08.50.48.jpg 1936w\" sizes=\"auto, (max-width: 224px) 100vw, 224px\" \/><\/a><\/p>\n<p><span style=\"line-height: 1.5;\">\u00a0<\/span>Joonis 2. Kassetist v\u00e4lja v\u00f5etud\u00a0k\u00f5ige pisem taim.<\/p>\n<p><a href=\"http:\/\/aianduskool.ee\/tomatiprojekt\/wp-content\/uploads\/2014\/02\/2014-03-07-08.51.00.jpg\"><img loading=\"lazy\" decoding=\"async\" class=\"alignnone size-medium wp-image-294\" src=\"http:\/\/aianduskool.ee\/tomatiprojekt\/wp-content\/uploads\/2014\/02\/2014-03-07-08.51.00-224x300.jpg\" alt=\"2014-03-07 08.51.00\" width=\"224\" height=\"300\" srcset=\"https:\/\/aianduskool.ee\/tomatiprojekt\/wp-content\/uploads\/2014\/02\/2014-03-07-08.51.00-224x300.jpg 224w, https:\/\/aianduskool.ee\/tomatiprojekt\/wp-content\/uploads\/2014\/02\/2014-03-07-08.51.00-764x1024.jpg 764w, https:\/\/aianduskool.ee\/tomatiprojekt\/wp-content\/uploads\/2014\/02\/2014-03-07-08.51.00.jpg 1936w\" sizes=\"auto, (max-width: 224px) 100vw, 224px\" \/><\/a><\/p>\n<p>Joonis 3. Mullapall kippus lagunema.<\/p>\n<p><a href=\"http:\/\/aianduskool.ee\/tomatiprojekt\/wp-content\/uploads\/2014\/02\/2014-03-07-13.07.03.jpg\"><img loading=\"lazy\" decoding=\"async\" class=\"alignnone size-medium wp-image-295\" src=\"http:\/\/aianduskool.ee\/tomatiprojekt\/wp-content\/uploads\/2014\/02\/2014-03-07-13.07.03-300x224.jpg\" alt=\"2014-03-07 13.07.03\" width=\"300\" height=\"224\" srcset=\"https:\/\/aianduskool.ee\/tomatiprojekt\/wp-content\/uploads\/2014\/02\/2014-03-07-13.07.03-300x224.jpg 300w, https:\/\/aianduskool.ee\/tomatiprojekt\/wp-content\/uploads\/2014\/02\/2014-03-07-13.07.03-1024x764.jpg 1024w\" sizes=\"auto, (max-width: 300px) 100vw, 300px\" \/><\/a><\/p>\n<p><span style=\"line-height: 1.5;\">Joonis 4. Taimed p\u00e4rast istutamist.<\/span><\/p>\n<p><a href=\"http:\/\/aianduskool.ee\/tomatiprojekt\/wp-content\/uploads\/2014\/02\/2014-03-07-08.51.36.jpg\"><img loading=\"lazy\" decoding=\"async\" class=\"alignnone size-medium wp-image-296\" src=\"http:\/\/aianduskool.ee\/tomatiprojekt\/wp-content\/uploads\/2014\/02\/2014-03-07-08.51.36-224x300.jpg\" alt=\"2014-03-07 08.51.36\" width=\"224\" height=\"300\" srcset=\"https:\/\/aianduskool.ee\/tomatiprojekt\/wp-content\/uploads\/2014\/02\/2014-03-07-08.51.36-224x300.jpg 224w, https:\/\/aianduskool.ee\/tomatiprojekt\/wp-content\/uploads\/2014\/02\/2014-03-07-08.51.36-764x1024.jpg 764w, https:\/\/aianduskool.ee\/tomatiprojekt\/wp-content\/uploads\/2014\/02\/2014-03-07-08.51.36.jpg 1936w\" sizes=\"auto, (max-width: 224px) 100vw, 224px\" \/><\/a><\/p>\n<p>Joonis 5. \u00d5ienupud! Kas sina ka n\u00e4ed?<\/p>\n<p>Alumiste lehtede \u00e4ran\u00e4pistamisel m\u00e4rksain nende alumistel k\u00fclgedel violetjat v\u00e4rvust. See on m\u00e4rk v\u00e4etise puudusest, \u00f5igemini fosfori (P) puudusest. Tomat on selline taim, kes n\u00e4itab v\u00e4ga kiiresti v\u00e4lja, kui tal toitainete puudus on. Kui selliseid m\u00e4rke peaks edaspidigi tekkima, annan teilegi teada.<\/p>\n<p><a href=\"http:\/\/aianduskool.ee\/tomatiprojekt\/wp-content\/uploads\/2014\/02\/2014-03-07-09.06.53.jpg\"><img loading=\"lazy\" decoding=\"async\" class=\"alignnone size-medium wp-image-297\" src=\"http:\/\/aianduskool.ee\/tomatiprojekt\/wp-content\/uploads\/2014\/02\/2014-03-07-09.06.53-300x224.jpg\" alt=\"2014-03-07 09.06.53\" width=\"300\" height=\"224\" srcset=\"https:\/\/aianduskool.ee\/tomatiprojekt\/wp-content\/uploads\/2014\/02\/2014-03-07-09.06.53-300x224.jpg 300w, https:\/\/aianduskool.ee\/tomatiprojekt\/wp-content\/uploads\/2014\/02\/2014-03-07-09.06.53-1024x764.jpg 1024w\" sizes=\"auto, (max-width: 300px) 100vw, 300px\" \/><\/a><\/p>\n<p><span style=\"line-height: 1.5;\">Joonis 6. Fosforipuudus tomati lehtede alumistel k\u00fclgedel.\u00a0<\/span><\/p>\n<p>&nbsp;<\/p>\n<p><span style=\"line-height: 1.5;\">Kohtumiseni!\u00a0<\/span><\/p>\n<p>Nautige p\u00e4ikest ja kevadet!<\/p>\n<p>&nbsp;<\/p>\n<p><span style=\"color: #333300;\">**************************************************************************<\/span><\/p>\n<p>Hea tomatiprojekti kaaslane!<\/p>\n<p>Eile (esmasp\u00e4eval, 3. 03) t\u00f6\u00f6le saabudes oli tomatitaimede substraat v\u00e4ga kuiv. Viimane kastmine toimus reedel ning paar p\u00e4eva j\u00e4i vahele. Taimed n\u00e4rtsinud ei olnud. Kuna tomatitaimede lehtedele ei meeldi m\u00e4rjaks saada, kastsin hoopis alt. See t\u00e4hendab, et kastmisvee valasin alustaldrikule.<\/p>\n<p>T\u00e4na (4. 03) m\u00f5\u00f5tsin taimi teistkordselt. Tulemusi saab t\u00e4psemalt saadata ikka <a href=\"https:\/\/docs.google.com\/spreadsheet\/ccc?key=0AsDhoPkdt94XdGl5M3MzRjNaOE05R1VPMzhUSGd4alE&amp;usp=sharing\" target=\"_blank\">tabelist<\/a>. \u00a0N\u00e4dalaga on taimed kasvanud keskmiselt 3-4cm k\u00f5rgemaks. Laiust on tulnud juurde 3,5-5cm. Taim (rohelise kleepsuga), millel tipp oli murdunud on kasvatanud uue k\u00fclgharu, millest on moodustunud uus tipp. Selle varrekese pikkus on 2,5cm.<\/p>\n<p>\u00dcha enam j\u00e4\u00e4vad taimed ruumipuudusesse, mis on \u00fcks kindel m\u00e4rk \u00fcmberistutamise vajalikkusest. Homme istutame \u00f5pilastega klassis olevaid toataimi \u00fcmber. Ehk \u00f5nnestub ka tomatitaimed uude ja suuremasse potti istutada.<\/p>\n<p>Aga sellest k\u00f5igest juba homme. Seniks naudime kevadet ja p\u00e4ikselist \u00f5htut! \ud83d\ude42<\/p>\n<p><span style=\"color: #003300;\">**************************************************************************<\/span><\/p>\n<p>M\u00f5\u00f5tmised m\u00f5\u00f5detud!<\/p>\n<p>Eile (25. 02), p\u00e4rast t\u00f6\u00f6p\u00e4eva l\u00f5ppu viisin l\u00e4bi esimese taimede m\u00f5\u00f5tmise.<\/p>\n<p>Tulemused on leitavad\/ j\u00e4lgitavad <a href=\"https:\/\/docs.google.com\/spreadsheet\/ccc?key=0AsDhoPkdt94XdGl5M3MzRjNaOE05R1VPMzhUSGd4alE&amp;usp=sharing\" target=\"_blank\">tabelist<\/a>.<\/p>\n<p>T\u00e4na tundsin huvi taimekassettide alumisele poole vastu. Ettevaatlikult kassetti kallutades hakkas silma, et \u00fchel taimel (valge kleepsuga &#8216;Vilma&#8217;) on kasseti avast \u00fcht juurt n\u00e4ha. See on kasvu poolest k\u00f5ige v\u00e4iksem taim. Huvitav huvitav! \ud83d\ude42<\/p>\n<p><a href=\"http:\/\/aianduskool.ee\/tomatiprojekt\/wp-content\/uploads\/2014\/02\/2014-02-27-13.41.17.jpg\"><img loading=\"lazy\" decoding=\"async\" class=\"alignnone size-medium wp-image-233\" src=\"http:\/\/aianduskool.ee\/tomatiprojekt\/wp-content\/uploads\/2014\/02\/2014-02-27-13.41.17-300x224.jpg\" alt=\"2014-02-27 13.41.17\" width=\"300\" height=\"224\" srcset=\"https:\/\/aianduskool.ee\/tomatiprojekt\/wp-content\/uploads\/2014\/02\/2014-02-27-13.41.17-300x224.jpg 300w, https:\/\/aianduskool.ee\/tomatiprojekt\/wp-content\/uploads\/2014\/02\/2014-02-27-13.41.17-1024x764.jpg 1024w\" sizes=\"auto, (max-width: 300px) 100vw, 300px\" \/><\/a><\/p>\n<p>Joonis 1. Esimene juur on kasseti avast n\u00e4htav.<\/p>\n<p>&nbsp;<\/p>\n<p>Ait\u00e4h k\u00f5igile aktiivselt kommenteerimast, arutamast, m\u00f5tteid jagamast! \ud83d\ude42<\/p>\n<p><span style=\"color: #008000;\">*********************************************************************<\/span><\/p>\n<p>Tere k\u00f5igile suurtele ja v\u00e4ikestele tomatis\u00f5pradele!<\/p>\n<p>Mina olen R\u00e4pina Aianduskooli \u00f5petaja Katrin Uurman. Aianduskoolis olen t\u00f6\u00f6tanud juba \u00fcle k\u00fcmne aasta. Selle pika aja jooksul olen \u00f5petanud mitmesuguseid \u00f5ppeaineid: v\u00e4etus\u00f5petus, k\u00f6\u00f6giviljandus, lillekasvatus, haljasalade rajamine ja hooldamine, aiakujundus&#8230; Praegu \u00f5petan ainult lillekasvatust ja sedagi vaid maastikuehituse eriala \u00f5pilastele.<\/p>\n<p>M\u00f5ned n\u00e4dalad tagasi otsustasin meie \u00fchise projektiga \u00fchineda ning l\u00e4bi teha k\u00f5ik, mida \u00fcks hea tomatiprojektis osaleja tegema peaks. Minagi tahan kevadel head ja omakasvatatud tomatit maitsta ning uurida, kas aknalaual tomatite kasvatamine ikka tuleb v\u00e4lja. Ma v\u00f5in k\u00f5igile lubada, et kasvuhoones tomateid kasvatades saab saaki noppida kogu suve! Aga klassis, ja aknalaual&#8230;?<\/p>\n<p>Nii-siis! Sain minagi 14. veebruaril neli tomatitaime. \u00a0Viimasel kahel n\u00e4dalal (11.-19. veebruaril) on toimunud kasvuhoones l\u00f5pueksamid ja ma t\u00f6\u00f6tasin hindamiskomisjonis. Sellep\u00e4rast sain taimed oma klassi (ruum 329), aknalauale tuua alles 18. veebruaril.<\/p>\n<p>Minu klassi aknad on avatud l\u00f5unap\u00e4ikesele. Tavaliselt on ruumis +22&#8230;+25 kraadi sooja. Selline ongi tomati kasvatamiseks sobilik temperatuur. Oht on vaid p\u00e4ikesep\u00f5letusele ja mulla kiirele l\u00e4bikuivamisele.<\/p>\n<p>Enne n\u00e4dalavahetust kastsin taimi reedel, 21. veebruaril. T\u00e4na, 25. veebruaril oli muld t\u00e4iesti kuivanud kuid taimed polnud n\u00e4rtsinud. T\u00e4na kastsingi uuesti. Taimed on kasvanud juba nii suureks, et varsti v\u00f5iks hakata m\u00f5tlema nende \u00fcmberistutamisele. Selleks v\u00f5iks kasutada v\u00e4hemalt 12 cm l\u00e4bim\u00f5\u00f5duga potti.<\/p>\n<p><a href=\"http:\/\/aianduskool.ee\/tomatiprojekt\/wp-content\/uploads\/2014\/02\/2014-02-25-14.58.12.jpg\"><img loading=\"lazy\" decoding=\"async\" class=\"alignnone size-medium wp-image-213\" src=\"http:\/\/aianduskool.ee\/tomatiprojekt\/wp-content\/uploads\/2014\/02\/2014-02-25-14.58.12-300x224.jpg\" alt=\"2014-02-25 14.58.12\" width=\"300\" height=\"224\" srcset=\"https:\/\/aianduskool.ee\/tomatiprojekt\/wp-content\/uploads\/2014\/02\/2014-02-25-14.58.12-300x224.jpg 300w, https:\/\/aianduskool.ee\/tomatiprojekt\/wp-content\/uploads\/2014\/02\/2014-02-25-14.58.12-1024x764.jpg 1024w\" sizes=\"auto, (max-width: 300px) 100vw, 300px\" \/><\/a><\/p>\n<p>Joonis 1. \u00a0Tomatitaimede lehed puutuvad juba \u00fcksteisega kokku. Lehtede kuju j\u00e4rgi saab sorte eristada.<\/p>\n<p>L\u00e4hemal uurimisel selgus, et ilmunud on esimesed pisikesed \u00f5ienupud. \ud83d\ude42 Taim l\u00f5hnab j\u00e4tkuvalt tomati j\u00e4rele ning on kaetud karvadega.<\/p>\n<p>Kuna valgus langeb taimedele aknast (\u00fchelt k\u00fcljelt), siis on nad ennast akna poole p\u00f6\u00f6ranud ja veidi k\u00f5veraks kasvanud. Selle vastu aitab taimede p\u00f6\u00f6ramine ruumi poole.<\/p>\n<p><a href=\"http:\/\/aianduskool.ee\/tomatiprojekt\/wp-content\/uploads\/2014\/02\/2014-02-25-14.58.30.jpg\"><img loading=\"lazy\" decoding=\"async\" class=\"alignnone size-medium wp-image-211\" src=\"http:\/\/aianduskool.ee\/tomatiprojekt\/wp-content\/uploads\/2014\/02\/2014-02-25-14.58.30-300x224.jpg\" alt=\"2014-02-25 14.58.30\" width=\"300\" height=\"224\" srcset=\"https:\/\/aianduskool.ee\/tomatiprojekt\/wp-content\/uploads\/2014\/02\/2014-02-25-14.58.30-300x224.jpg 300w, https:\/\/aianduskool.ee\/tomatiprojekt\/wp-content\/uploads\/2014\/02\/2014-02-25-14.58.30-1024x764.jpg 1024w\" sizes=\"auto, (max-width: 300px) 100vw, 300px\" \/><\/a><\/p>\n<p>Joonis 2. Taimed on p\u00f6\u00f6ranud ennast valguse poole. Nad on veidi k\u00f5verad.<\/p>\n<p>Transportimisel on \u00fcks taim natuke kannatada saanud. Peavars on tipust murdunud. Katsetuse k\u00e4igus j\u00e4lgin, kas ja kui kiiresti kasvatab taim endale k\u00fclgharu ning sellest uue tipu.<\/p>\n<p>Esimese n\u00e4dalaga on taimed j\u00f5udsasti kasvanud. Tundub, et nad on minu klassiga h\u00e4sti kohanenud ning neile meeldib kasvada koos alpikannide ja teiste lilledega.<\/p>\n<p><a href=\"http:\/\/aianduskool.ee\/tomatiprojekt\/wp-content\/uploads\/2014\/02\/2014-02-25-15.00.01.jpg\"><img loading=\"lazy\" decoding=\"async\" class=\"alignnone size-medium wp-image-212\" src=\"http:\/\/aianduskool.ee\/tomatiprojekt\/wp-content\/uploads\/2014\/02\/2014-02-25-15.00.01-300x224.jpg\" alt=\"2014-02-25 15.00.01\" width=\"300\" height=\"224\" srcset=\"https:\/\/aianduskool.ee\/tomatiprojekt\/wp-content\/uploads\/2014\/02\/2014-02-25-15.00.01-300x224.jpg 300w, https:\/\/aianduskool.ee\/tomatiprojekt\/wp-content\/uploads\/2014\/02\/2014-02-25-15.00.01-1024x764.jpg 1024w\" sizes=\"auto, (max-width: 300px) 100vw, 300px\" \/><\/a><\/p>\n<p>Joonis 3. Esimese n\u00e4dalaga on taimed kasvanud umbes 5 cm k\u00f5rgemaks.<\/p>\n<p>Homme hakkan m\u00f5\u00f5tma! \ud83d\ude42<\/p>\n<p>&nbsp;<\/p>\n","protected":false},"excerpt":{"rendered":"<p>Tere head tomatis\u00f5brad! Minu viimasest postitusest on palju aega m\u00f6\u00f6da l\u00e4inud ja vaheaegki alanud. Vahepeal on aianduskoolis toimunud aednike kutsev\u00f5istlused, avatus uste p\u00e4ev, kooli 90. juubeli s\u00fcnnip\u00e4eva pidu ja vastu v\u00f5etud &#8220;S\u00f5brap\u00e4eva tomatiprojekti&#8221; Keskkonnak\u00e4pa auhinnad. Siinkohal t\u00e4nan k\u00f5iki suuri ja v\u00e4ikseid tomatis\u00f5pru ning niisama kaasaelajaid ja toetajaid. Kuid n\u00fc\u00fcd tahan jagada tomatikasvatamise katsetuse tulemusi. K\u00f5ige &hellip; <a href=\"https:\/\/aianduskool.ee\/tomatiprojekt\/?page_id=210\" class=\"more-link\">Loe edasi <span class=\"screen-reader-text\">\u00d5petaja Katrin teeb kaasa!<\/span> <span class=\"meta-nav\">&rarr;<\/span><\/a><\/p>\n","protected":false},"author":2,"featured_media":0,"parent":0,"menu_order":0,"comment_status":"open","ping_status":"open","template":"","meta":{"footnotes":""},"class_list":["post-210","page","type-page","status-publish","hentry"],"_links":{"self":[{"href":"https:\/\/aianduskool.ee\/tomatiprojekt\/index.php?rest_route=\/wp\/v2\/pages\/210","targetHints":{"allow":["GET"]}}],"collection":[{"href":"https:\/\/aianduskool.ee\/tomatiprojekt\/index.php?rest_route=\/wp\/v2\/pages"}],"about":[{"href":"https:\/\/aianduskool.ee\/tomatiprojekt\/index.php?rest_route=\/wp\/v2\/types\/page"}],"author":[{"embeddable":true,"href":"https:\/\/aianduskool.ee\/tomatiprojekt\/index.php?rest_route=\/wp\/v2\/users\/2"}],"replies":[{"embeddable":true,"href":"https:\/\/aianduskool.ee\/tomatiprojekt\/index.php?rest_route=%2Fwp%2Fv2%2Fcomments&post=210"}],"version-history":[{"count":5,"href":"https:\/\/aianduskool.ee\/tomatiprojekt\/index.php?rest_route=\/wp\/v2\/pages\/210\/revisions"}],"predecessor-version":[{"id":768,"href":"https:\/\/aianduskool.ee\/tomatiprojekt\/index.php?rest_route=\/wp\/v2\/pages\/210\/revisions\/768"}],"wp:attachment":[{"href":"https:\/\/aianduskool.ee\/tomatiprojekt\/index.php?rest_route=%2Fwp%2Fv2%2Fmedia&parent=210"}],"curies":[{"name":"wp","href":"https:\/\/api.w.org\/{rel}","templated":true}]}}