{"id":705,"date":"2014-06-09T13:48:21","date_gmt":"2014-06-09T10:48:21","guid":{"rendered":"http:\/\/tomatiaianduskool.ee\/?page_id=705"},"modified":"2014-06-13T22:09:41","modified_gmt":"2014-06-13T19:09:41","slug":"kokkuvote","status":"publish","type":"page","link":"https:\/\/aianduskool.ee\/tomatiprojekt\/?page_id=705","title":{"rendered":"KOKKUV\u00d5TE"},"content":{"rendered":"<p style=\"text-align: justify;\"><span style=\"color: #008000;\"><strong><span style=\"text-decoration: underline;\">Sissejuhatuseks:<\/span> projektimeeskond on V\u00c4GA T\u00c4NULIK k\u00f5ikide heade s\u00f5nade eest, mis meile nii m\u00f6\u00f6dunud poolaasta kui n\u00fc\u00fcd tagasiside kaudu laekunud on!<\/strong> <strong>Eestimaa on paksult t\u00e4is imelisi \u00f5petajaid ja vahvaid lapsi!<br \/>\nKas te ikka j\u00f5udsite m\u00e4rgata, et me k\u00f5ik koos saime uhke tunnustuse &#8211; KESKKONNAK\u00c4PP 2014!\u00a0<\/strong><strong>Soovime k\u00f5igile oma &#8220;k\u00e4ppadele&#8221; r\u00f5\u00f5murohket ja ilusat suve!<\/strong><\/span><\/p>\n<p style=\"text-align: justify;\">Jaanuaris 2014 laialisaadetud pakkumisele osaleda R\u00e4pina Aianduskooli s\u00f5brap\u00e4eva tomatiprojektis\u00a0 reageeris <strong>786 seltskonda<\/strong> &#8211; t\u00e4name s\u00fcdamest k\u00f5iki oma &#8220;tomatis\u00f5pru&#8221; \u00fcle terve Eesti! <em>(Kes pole t\u00e4psemalt kursis, kess ja kus meie s\u00f5brad on &#8211; vaata lehte &#8220;osalejad&#8221;!) <\/em>Olete meile oma toredate meilide, blogipostituste ja piltidega ohtralt r\u00f5\u00f5msaid emotsioone pakkunud!<\/p>\n<p style=\"text-align: justify;\">Me ei tahtnud tomatikasvatusest v\u00e4ga &#8220;v\u00f5istlust&#8221; teha &#8211; nii, nagu inimestega,\u00a0 on ka taimedega: &#8211; kes kasvab kiiremini, kes aeglasemalt, kes sirgub pikemaks, kes j\u00e4\u00e4bki l\u00fchemaks.\u00a0 Ka \u00fche ema-isa lapsed on ju k\u00f5ik erinevad!\u00a0 Kuid nii, nagu k\u00f5ik lapsed vajavad, et keegi neile kaasa elaks, neid toetaks, toidaks ja armastaks, on ka taimedega.<\/p>\n<p style=\"text-align: justify;\"><span style=\"color: #008000;\"><strong>Tagasiside-ankeete on 7. juuni seisuga laekunud 240.<\/strong><\/span> K\u00fcllap on kooliaasta l\u00f5pp \u00f5petajatele nii kiire, et vastuseid laekub veel t\u00fckk aega \ud83d\ude42 Laekunud 240 vastuse p\u00f5hjal saame\u00a0 <strong>21. jaanuaril<\/strong> R\u00e4pina Aianduskoolis <strong>k\u00fclvatud<\/strong> <strong>tomatiseemnete edasise elu<\/strong> kohta \u00f6elda j\u00e4rgmist:<\/p>\n<ul>\n<li style=\"text-align: justify;\">240 osalejar\u00fchma poolt on 1. juuni seisuga &#8220;v\u00e4rviliseks k\u00fcpsetatud&#8221; 5897 tomatit;<\/li>\n<li style=\"text-align: justify;\">L\u00e4hiajal loodavad need 240 r\u00fchma saada veel 6507 tomatit (teisis\u00f5nu: viljad on kohe-kohe v\u00e4rvi v\u00f5tmas);<\/li>\n<li style=\"text-align: justify;\">240-st r\u00fchmast 24 ei ole veel kahjuks v\u00e4rviliste viljadeni j\u00f5udnud, kuid nad on reipalt lootusrikkad :);<\/li>\n<li style=\"text-align: justify;\">Keskmine v\u00e4rviline saak 1. juuniks\u00a0 &#8211; 27 tomatit r\u00fchma kohta;<\/li>\n<li style=\"text-align: justify;\">K\u00f5ige rohkem v\u00e4rvilisi tomateid on 1. juuni seisuga saanud <span style=\"color: #ff0000;\"><strong>Kihelkonna Kooli 6. klass<\/strong><\/span> \u2013 <span style=\"color: #ff0000;\">209\u00a0<\/span> (ka sama kooli 1-4 klassis on osavad tomatikasvatajad &#8211; nendel on v\u00e4rviliste marjade saak 70). <span style=\"color: #ff0000;\"><strong>Tabivere Lasteaia 5-6-aastaste Sipsikute<\/strong><\/span> ja <span style=\"color: #ff0000;\"><strong>Aravete KK mata klassi<\/strong> <\/span>v\u00e4rviline saak on olnud <span style=\"color: #ff0000;\">130<\/span> marja, <span style=\"color: #ff0000;\"><strong>Merem\u00e4e Kooli<\/strong> <strong>5-6 klass<\/strong><\/span> on v\u00e4rvilisi vilju saanud <span style=\"color: #ff0000;\">115<\/span>, <span style=\"color: #ff0000;\"><strong>P\u00f5ltsamaa \u00dcG 2a klass<\/strong> 105, <strong>Parksepa KK 1. klass<\/strong> 100 (v\u00f5i rohkem \ud83d\ude42<span style=\"color: #000000;\">),<\/span><\/span> <strong>P\u00f5ltsamaa \u00dcG 2b klass<\/strong> 99,\u00a0 <strong>lasteaia Karukell<\/strong> <strong>liitr\u00fchma<\/strong> 2-7-aastased lapsed 97, <strong>Kadrina keskkooli 1b klassi<\/strong> 19 \u00f5pilast on saanud 92 v\u00e4rvilist tomatit, <strong>Kuremaa Lasteaed-Algkooli 3. ja 4. klass<\/strong> ja <strong>Kohila Sipsiku lasteaia 5-6-aastased P\u00f5rnikad<\/strong> kumbki 91.\u00a0 <em>Samas j\u00e4rgmine n\u00e4ide: <\/em><em><strong>T\u00f5stamaa Lasteaia<\/strong> vanem r\u00fchm (5-7 aastased) on k\u00fcll v\u00e4rviliseks saanud \u201evaid\u201c 28 tomatit, kuid nende taimedel on k\u00fcljes ja v\u00e4rviootel 170 tomatit!<\/em><\/li>\n<li style=\"text-align: justify;\">240-st vastanud r\u00fchmast on 1. juuni seisuga <strong>rohkem kui 40 v\u00e4rvilist tomatit saanud 52 r\u00fchma<\/strong> ehk umbes viiendik. (<em>valik &#8220;\u00fcle 40&#8221; v\u00e4rvilise tomati on v\u00f5etud suvaliselt, teoorias v\u00f5iks see olla &#8220;igalt taimelt 10 tomatit&#8221;, ehkki teame, et praktikas on taimed v\u00e4ga erineva saagikusega olnud).<\/em><\/li>\n<li style=\"text-align: justify;\"><strong>Saagikuse osas<\/strong> erilist vahet ei paista: k\u00f5ige saagikamaks taimeks on nimetatud 240 tagasiside-k\u00fcsimustikus<br \/>\n&#8216;Vilma&#8217; tava \u2013 52 korda<br \/>\n&#8216;Vilma&#8217; mahe \u2013 51 korda<br \/>\n&#8216;Venus&#8217; tava \u2013 62 korda<br \/>\n&#8216;Venus&#8217; mahe \u2013 46 korda<\/li>\n<li style=\"text-align: justify;\">Esimesed \u00f5ied saadi<br \/>\n10.03 &#8211; &#8216;Vilma&#8217; mahe &#8211; Kohtla- N\u00f5mme Kooli 6. klass ja Vasta kool-lasteaed M\u00f5mmik, 3-5 aastased lapsed<br \/>\n11.03\u00a0 &#8211; &#8216;Venus&#8217; tava &#8211; Luunja Keskkooli 6. klass<br \/>\n11.03 &#8211; &#8216;Venus&#8217; mahe &#8211; J\u00f5hvi Vene G\u00fcmnaasiumi 3b klass<br \/>\n17.03 &#8211; &#8216;Vilma&#8217; tava &#8211; P\u00f5ltsamaa \u00dchisg\u00fcmnaasiumi 2.a klass ja Tartu Kunstig\u00fcmnaasiumi 4.a klass<br \/>\nK\u00f5ige hilisem kuup\u00e4ev esimese \u00f5ie tulekuks oli 30.04 ehk ligi poolteist kuud hiljem v\u00f5rreldes esimestega. \u00dcldjuhul ilmusid \u00f5ied m\u00e4rtsi l\u00f5pup\u00e4evadel ja aprilli esimeses pooles.<\/li>\n<li style=\"text-align: justify;\">Esimesed viljahakatised ilmusid<br \/>\n24.03 &#8211; &#8216;Venus&#8217; mahe &#8211; Alu kooli 2. klass ja Aste P\u00f5hikooli 2. klass;<br \/>\n27.03 &#8211; &#8216;Venus&#8217; tava &#8211; Luunja Keskkooli 6. klass;<br \/>\n28.03 &#8211; &#8216;Vilma&#8217; mahe &#8211; Sindi Lasteaed, 2-4-aastaste r\u00fchm &#8220;Puhhid&#8221; ja Kohtla-J\u00e4rve Maleva p\u00f5hikooli 6a\u00a0 t\u00fcdrukud Elina B\u00f5kovskaja, Emilia Mi\u0161kins, Elis Pol\u0161t\u0161ikov, Iris Vilde;<br \/>\n30.03 &#8211; &#8216;Vilma&#8217; tava &#8211; P\u00f5ltsamaa \u00dchisg\u00fcmnaasiumi 2a klass<\/li>\n<\/ul>\n<p style=\"text-align: justify;\"><span style=\"color: #008000;\"><strong>&#8220;Tava&#8221;- ja mahev\u00e4etisega kasvatamisel<\/strong><\/span> suur osa vastanuist erilist vahet pole t\u00e4heldatud. Vahe ei tule v\u00e4lja ka osalejate andmete statistilisest anal\u00fc\u00fcsist &#8211; kuskil on \u00fched taimed paremini edenenud ja viljakamad, teises kohas t\u00e4pselt vastupidi. M\u00f5ned n\u00e4ited osalejate arvamustest:<\/p>\n<ul>\n<li>Mahe ja tavataimedel vahet ei ole m\u00e4rganud. Vahet on m\u00e4rgata erinevate sortide vahel. &#8220;Vilma&#8221; taimed on k\u00f5rgemad ja lopsakama kasvuga kui &#8220;Venused&#8221;.<\/li>\n<li>Meie taimedel oli saagi vahe vaid 2-3 marja, &#8220;Venusel&#8221; mahe kasuks, &#8220;Vilmal&#8221; tava kasuks<\/li>\n<li>Mahev\u00e4etisega taimede kasv oli kiirem ja nad on ka teistest taimedest k\u00f5rgemad.<\/li>\n<li>Tavav\u00e4etisega kasvasid tomatid kiiremini, tekkisid esimesed \u00f5isikud ja esimesed rohelised viljahakatised. Erilist maitsevahet ei tundnud tava- ja mahev\u00e4etisega kasvatatud viljade vahel.<\/li>\n<li>Tavav\u00e4etisega v\u00e4etatud taimedel on lehed suuremad ja tumedamad, viljad on v\u00e4iksemad mahetaimedel,\u00a0 kuid rohkem k\u00fcljes.<\/li>\n<li>Maitse poolest meeldis enam &#8220;Vilma&#8221;, oli saagikas, kobarad suured. Kui j\u00e4rgmisel aastal peaks kasvatama potitomatit, siis kindlasti &#8220;Vilma&#8221;<\/li>\n<li>Maitsmisel hindasid \u00f5pilased paremaks kollased tomatid, aga maitsevahet tava- ja mahev\u00e4etisega viljadel ei tundnud.<\/li>\n<li>Mahe v\u00e4etisega v\u00e4etatud taimed on saagikamad ja suuremad kasvult.<\/li>\n<li>Tavasubstraadil suurem turbasisaldus &#8211; kuivab kiiremini ja vajab rohkem kastmist. Mahedad taimed suuremad. Samas mahedad taimed viljakuselt esimene ja viimane, tavataimed seega viljakuselt keskmised.<\/li>\n<li>Taimede pikkuses pole suurt vahet t\u00e4heldanud. Viljade poole pealt on mahev\u00e4etisega kastetud viljadel ligi kolm korda rohkem vilju k\u00fcljes, kui tavav\u00e4etisega kastetud taimedel.<\/li>\n<li>Mahe taimel l\u00e4ksid viljad kiiremini kollaseks, punaseks.<\/li>\n<li>Tava sordid olid algul &#8220;kiiremad&#8221;, kuid hiljem pisut aeglasemad ja v\u00e4iksemad<\/li>\n<li>P\u00e4rast v\u00e4etamise algust kasvasid kiremini tavav\u00e4etisega v\u00e4etatud taimed. Tavav\u00e4etisega toidetud taimedel oli rohkem vilju ja viljade keskmine mass oli ka suurem: Vilma tava keskmine mass 15,5g ja mahe 10,7g. Venus tava keskmine mass 7,1g ja mahe 7g<\/li>\n<li>Tavav\u00e4etisega kastetud taimed on suuremad ja tugevamad, aga mahev\u00e4etisega kastetud on virgemad ja saagikamad.<\/li>\n<li><span class=\"ss-text-answer-container\">Tavav\u00e4etisega taimed ajavad rohkem v\u00f5rseid ja tunduvad tugevamad. Ka pikkust on veidi rohkem &#8220;tavadel&#8221;. V\u00f5ib-olla said mahedad v\u00e4he v\u00e4etist, sest igal kastmiskorral ei teinud eraldi n\u00f5usse v\u00e4etiselahust (kastsime lihtsalt \u00fchisest \u00e4mbrist valades). Tavav\u00e4etist said regulaarselt oma portsud (\u00fchel p\u00e4eval \u00fcht ja teisel teist). Samadel p\u00e4evadel v\u00e4etasime ka mahetaimi. \u00dclej\u00e4\u00e4nud p\u00e4evadel l\u00e4ks tavaline vesi k\u00f5igile.<\/span><\/li>\n<\/ul>\n<p style=\"text-align: justify;\"><strong><span style=\"color: #008000;\">N\u00c4DALA K\u00dcSIMUSELE <\/span><\/strong>vastas&#8221;ametlikult&#8221; (ehk blogipostituste p\u00f5hjal otsustades) 88 seltskonda. Tagasisides on mitmel puhul \u00f6eldud, et &#8220;me ei vastanud blogisse, kuid pidasime k\u00fcsimustel silma peal ja arutasime-harutasime\u00a0 omavahel&#8221;.<br \/>\nN\u00e4dala k\u00fcsimusi oli 15. Kirjalike t\u00f5endite p\u00f5hjal (ehk blogipostituste j\u00e4rgi) on parimad n\u00e4dala k\u00fcsimustele vastajad<\/p>\n<ol>\n<li><span style=\"color: #ff0000;\"><strong>Krootuse P\u00f5hkooli 4. klass<\/strong><\/span> \u2013 vastatud k\u00f5ik 15 k\u00fcsimust<\/li>\n<li><strong>Suurem\u00f5isa Lasteaed-Algkool<\/strong> ja <strong>Kohila Sipsiku lasteaia 5-6-aastased<\/strong> <strong>P\u00f5rnikad<\/strong> (12)<\/li>\n<li><strong>Sipa-Laukna LA Kurepesa, <\/strong><strong>Lustivere 4H, <\/strong><strong>M\u00e4rjamaa LA Pillerpall<\/strong> (10)<\/li>\n<li><strong>J\u00f5hvi Vene G\u00fcmnaasiumi 3c <\/strong>ja <strong>Rakvere G\u00fcmnaasiumi 5a<\/strong> (9)<\/li>\n<\/ol>\n<p>NOPPEID OSALEJATE TAGASISIDEST:<\/p>\n<p><em><span style=\"color: #000000;\">Suur t\u00e4nu k\u00f5igile toreda tagasiside ja heade soovide eest!<\/span><\/em><\/p>\n<ul>\n<li style=\"text-align: justify;\"><span style=\"color: #008000;\"><span style=\"font-size: 13px; font-family: arial,sans,sans-serif; color: #000000; text-align: left;\"><strong>Oli p\u00f5nev j\u00e4lgida, mitte ainult meil, vaid kogu koolil<\/strong> &#8211; ikka k\u00e4idi piilumas. Kuna meie klassi tuleb alles p\u00e4rastl\u00f5unap\u00e4ike, kartsin, et j\u00e4\u00e4me v\u00e4ga hiljapeale oma viljade ja \u00f5itsemistega, aga pole ju viga.Igatahes suured t\u00e4nud!!!!!! <em>(<span style=\"font-size: 13px; font-family: arial,sans,sans-serif; color: #000000; text-align: left;\">Narva Vanalinna Riigikool 7.klass, \u00f5p <span style=\"font-size: 13px; font-family: arial,sans,sans-serif; color: #000000; text-align: left;\">Maria T\u0161irkova<\/span><\/span>)<\/em><br \/>\n<\/span><\/span><\/li>\n<li style=\"text-align: justify;\"><span style=\"font-size: 13px; font-family: arial,sans,sans-serif; color: #000000; text-align: left;\">V\u00e4ga huvitav ja \u00f5petlik ka lasteaia lastele. Tore oli lugeda kui keegi r\u00f5\u00f5mustas oma esimese \u00f5ie v\u00f5i vilja \u00fcle. Eriti hea oli, et meil lasteaias osales kaks r\u00fchma projektis nii <strong>saime taimi ja tulemusi omavahel v\u00f5rrelda. <\/strong><em>(<span style=\"font-size: 13px; font-family: arial,sans,sans-serif; color: #000000; text-align: left;\">Kambja lasteaia P\u00e4ikesej\u00e4nkude r\u00fchm, 5-6 aastased, \u00f5p <span style=\"font-size: 13px; font-family: arial,sans,sans-serif; color: #000000; text-align: left;\"><span style=\"font-size: 13px; font-family: arial,sans,sans-serif; color: #000000; text-align: left;\">Merike N\u00e4kk, Gerli Loos<\/span><\/span><\/span>)<\/em><br \/>\n<\/span><\/li>\n<li style=\"text-align: justify;\"><span style=\"font-size: 13px; font-family: arial,sans,sans-serif; color: #000000; text-align: left;\"><strong>Lastele ja isegi lastevanematele<\/strong> v\u00e4ga meeldis. Kolleegid k\u00e4isid uudistamas ja maitsmas. Oli vahva kasvatada oma silmade all midagi ja veel kui viljad hakkasid v\u00e4rvuma oli v\u00e4ga p\u00f5nev :). Loodame,et saame veel midagi kasvatada. <em>(<span style=\"font-size: 13px; font-family: arial,sans,sans-serif; color: #000000; text-align: left;\">Lasteaed P\u00e4ikene, r\u00fchm P\u00e4ikeseratas 6-7a, \u00f5p <span style=\"font-size: 13px; font-family: arial,sans,sans-serif; color: #000000; text-align: left;\">Gaile Vask<\/span><\/span>)<\/em><br \/>\n<\/span><\/li>\n<li style=\"text-align: justify;\"><span style=\"font-size: 13px; font-family: arial,sans,sans-serif; color: #000000; text-align: left;\">V\u00e4ga vahva. Tomatite k\u00f5rval kasvatasime ka kurki. Kurgi kiire kasv, kiire viljade areng ja k\u00f6itraagude tegevus \u00fcllatas \u00f5pilasi eriti- seega v\u00f5iks m\u00f5elda ka kurgi projektile.<br \/>\nTomati puhul <strong>sai n\u00e4idata ka vegetatiivset paljundamist ( v\u00f5suga) ja mitmeid taimede arenguga seotud m\u00f5isteid ja protsesse. Igatahes \u00e4rgitas see mind klassis rohkem taimi kasvatama ja mitut \u00f5pilast kodus taimedega tegelema. <\/strong>Ait\u00e4h projekti algatajatele.<em> (<span style=\"font-size: 13px; font-family: arial,sans,sans-serif; color: #000000; text-align: left;\">\u00f5p Viigi Tiits<\/span>)<\/em><br \/>\n<\/span><\/li>\n<li style=\"text-align: justify;\"><span style=\"font-size: 13px; font-family: arial,sans,sans-serif; color: #000000; text-align: left;\">Lastele oli huvitav just n\u00e4dalavahetuselt tulles j\u00e4rgida, kas on suuremaid muutusi toimunud. <strong>Lapsed, kes puudusid pikemalt, ka neil oli p\u00f5nev<\/strong> j\u00e4lgida protsesse.<em> (<span style=\"font-size: 13px; font-family: arial,sans,sans-serif; color: #000000; text-align: left;\">P\u00f5lva Lasteaed Lepatriinu, kullatriinude r\u00fchm 6-7 aastased<\/span>,<span style=\"font-size: 13px; font-family: arial,sans,sans-serif; color: #000000; text-align: left;\">\u00d5petaja abi Heli K\u00f5om\u00e4gi, \u00f5petajad Sirje Must ja Sirje J\u00fcrgenson)<\/span><\/em><br \/>\n<\/span><\/li>\n<li style=\"text-align: justify;\"><span style=\"font-size: 13px; font-family: arial,sans,sans-serif; color: #000000; text-align: left;\">Oli v\u00e4ga tore ja hariv projekt. Aega sellega tegelemiseks j\u00e4i k\u00fcll muu koolit\u00f6\u00f6 k\u00f5rvalt napiks, aga k\u00f5ige t\u00e4htsam sai tehtud. <strong>Sain ka ise teadlikumaks tomatikasvatajaks.<\/strong> Olen amplitomateid kasvatanud ise juba aastaid, aga n\u00fc\u00fcd olen lausa tomatif\u00e4nniks muutunud. Ka seemnepoes ja turul k\u00e4in lahtiste silmadega. Kaks tublimat \u00f5pilast saavad tomatitaimed koju oma kasvuhoonesse ja v\u00f5ivad seal taimi edasi j\u00e4lgida. <strong>S\u00fcgisel vormistame projekti tulemused uurimust\u00f6\u00f6ks.<\/strong> <em>(7. kl \u00f5petaja<span style=\"font-size: 13px; font-family: arial,sans,sans-serif; color: #000000; text-align: left;\"> Rutt Nurk<\/span>)<\/em><br \/>\n<\/span><\/li>\n<li style=\"text-align: justify;\"><span style=\"font-size: 13px; font-family: arial,sans,sans-serif; color: #000000; text-align: left;\">T\u00e4nan toreda v\u00f5imaluse eest taimedega toimetada. Mis viga kasvatada, v\u00e4etada, kui <strong>t\u00e4psed juhised<\/strong> olemas. Loodan, et saate palju positiivset tagasisidet. Ka minu lasteaiakasvatajast \u00f5de osales projektis ja meil oli tore muljeid ja kogemusi vahetada. J\u00f5udu ja edu teie t\u00f6\u00f6kale kollektiivile!<br \/>\nT\u00e4nuga <em>Rakvere g\u00fcmnaasiumi bioloogia\u00f5petaja.<\/em><\/span><\/li>\n<li style=\"text-align: justify;\"><span style=\"font-size: 13px; font-family: arial,sans,sans-serif; color: #000000; text-align: left;\">Oli tore projekt. Lastele v\u00e4ga meeldis! Ja laste kommentaar: &#8221; <strong>Need tomatid olid palju magusamad, kui poest ostetud tomatid.<\/strong>&#8221; <em>(<span style=\"font-size: 13px; font-family: arial,sans,sans-serif; color: #000000; text-align: left;\">P\u00f5lva Keskkool 1. klass, \u00f5p Sille Malvik)<\/span><\/em><br \/>\n<\/span><\/li>\n<li style=\"text-align: justify;\"><span style=\"font-size: 13px; font-family: arial,sans,sans-serif; color: #000000; text-align: left;\">K\u00f5ige suuremat huvi n\u00e4itasid \u00fcles <strong>poisid &#8211; nemad soovisid k\u00f5ige rohkem \u00fcmberistutamisel osaleda ning pabereid t\u00e4ita.<\/strong> <em>(<span style=\"font-size: 13px; font-family: arial,sans,sans-serif; color: #000000; text-align: left;\"><span style=\"font-size: 13px; font-family: arial,sans,sans-serif; color: #000000; text-align: left;\">Kihelkonna Kool 1.-4. klass<\/span>, \u00f5p Anneli Saarela)<\/span><\/em><br \/>\n<\/span><\/li>\n<li style=\"text-align: justify;\"><span style=\"font-size: 13px; font-family: arial,sans,sans-serif; color: #000000; text-align: left;\">V\u00e4ga tore ja p\u00f5nev \u00fcritus mitte ainult lastele, vaid ka t\u00e4iskasvanud elasid innukalt kaasa tomatite kasvule ja esimeste marjade valmimisele.<br \/>\nT\u00e4name t\u00e4psete t\u00f6\u00f6juhendite eest! <em>(<span style=\"font-size: 13px; font-family: arial,sans,sans-serif; color: #000000; text-align: left;\">Mooste Lasteaed Tammet\u00f5ru vanem r\u00fchm; lapsi 19 vanuses 5-7 a.<\/span>, \u00f5petajad <span style=\"font-size: 13px; font-family: arial,sans,sans-serif; color: #000000; text-align: left;\">Liivi Russing ja Krista Tepaskind<\/span>)<\/em><br \/>\n<\/span><\/li>\n<li style=\"text-align: justify;\"><span style=\"font-size: 13px; font-family: arial,sans,sans-serif; color: #000000; text-align: left;\">Tore oli. <strong>Eriti meeldis lastele taimi \u00fcmber istutada.<\/strong> Enne vaatasime \u00f5petavat videod. Lapsed kordasid s\u00f5na-s\u00f5nalt, mis peab tegema ning olid hoolega ametis. Vahepeal oli mure, et kas punased tomatid ikka saavad enne kooli l\u00f5ppu valmis. T\u00e4nane hommik aga kummutas k\u00f5ik mured. N\u00fc\u00fcdseks on iga laps tomateid maitsta saanud.<em> (P\u00f5lva \u00dcG 1. klass)<\/em><br \/>\n<\/span><\/li>\n<li style=\"text-align: justify;\"><span style=\"font-size: 13px; font-family: arial,sans,sans-serif; color: #000000; text-align: left;\">Vaheldusrikas, uusi teadmisi andev ja silmaringi laiendav projekt. <strong>Iga \u00f5pilane meie klassis tegi endale &#8220;Tomatiraamatu&#8221; (A-5 formaadis),<\/strong> kuhu panime vaatlustabeli ja n\u00e4dalak\u00fcsimused koos vastustega. K\u00f5ige rohkem elevust tekitas k\u00fcsimus: Mis on \u00fchist tomatil ja mootorrattal? \u00d5pilased viisid oma tomatiraamatud koju kaasa. <em>(V\u00f5ru Kreutzwaldi G\u00fcmnaasiumi 2a)<\/em><br \/>\n<\/span><\/li>\n<li style=\"text-align: justify;\"><span style=\"font-size: 13px; font-family: arial,sans,sans-serif; color: #000000; text-align: left;\">V\u00e4ga t\u00e4nuv\u00e4\u00e4rne projekt! Lapsed said ise aktiivselt osaleda tomatite kasvatamises, \u00f5ppisid tundma k\u00f5iki arenguj\u00e4rke, said \u00fcmber istutada, kasta ja v\u00e4etada, l\u00f5puks veel maitstagi. Hommikuti kooli tulles oli esimene k\u00e4ik kohe tomatite juurde.<br \/>\nP\u00f5nevatele k\u00fcsimustele vastuseid otsides v\u00f5i teiste vastuseid lugedes laienes ka \u00f5petajate ja lapsevanemate silmaring.<br \/>\nUsun, et ka R\u00e4pina kool muutus selle projektiga veel populaarsemaks. Igal juhul meie lapsed olles \u00e4ra vaadanud teie poiste videod, arvasid, et tahavad teie kooli \u00f5ppima tulla. Kahjuks te k\u00fcll lihtsustatud \u00f5ppekava alusel vist veel ei \u00f5peta.<br \/>\nJa <strong>see projekt \u00fchendas nii paljusid lapsi \u00fcle kogu Eestimaa. <\/strong>Suur t\u00e4nu korraldamise eest! <em>(<span style=\"font-size: 13px; font-family: arial,sans,sans-serif; color: #000000; text-align: left;\">Tallinna Tondi P\u00f5hikooli 4.a klass, \u00f5petaja <span style=\"font-size: 13px; font-family: arial,sans,sans-serif; color: #000000; text-align: left;\">Kaie Henk<\/span><\/span>)<\/em><br \/>\n<\/span><\/li>\n<li style=\"text-align: justify;\"><span style=\"font-size: 13px; font-family: arial,sans,sans-serif; color: #000000; text-align: left;\">See oli h\u00e4sti vahva projekt. Tekitas \u00f5pilastes huvi. <strong>Hommikuti klassi tulles oli esimene tee akna juurde vaatama, mis muutunud on<\/strong>. Eriti p\u00f5nev oli peale vaheaega. Meie tomatid &#8220;seisid&#8221; alguses kaua. Teised lugesid juba \u00f5isi, kui meil oli alles 2-3 lehte. Siis j\u00e4rsku hakkasid kasvama.<br \/>\nK\u00fcsimused alguses meeldisid, hiljem muutusi 1. ja 2. klassile raskeks, siis 5-ndikud aitasid. <em>(<span style=\"font-size: 13px; font-family: arial,sans,sans-serif; color: #000000; text-align: left;\">P\u00f5lula Kool 1.klass, 2.klass ja 5.klass<\/span>, \u00f5p <span style=\"font-size: 13px; font-family: arial,sans,sans-serif; color: #000000; text-align: left;\">Inge Korka<\/span>)<\/em><br \/>\n<\/span><\/li>\n<li style=\"text-align: justify;\"><span style=\"font-size: 13px; font-family: arial,sans,sans-serif; color: #000000; text-align: left;\">V\u00e4ga tore projekt. Lastele v\u00e4ga meeldis taimi j\u00e4lgida ja erinevaid \u00fclesandeid t\u00e4ita (istutada, m\u00f5\u00f5ta, kasta). <strong>Eriti meeldis neile \u00f5isi &#8220;pintseldada&#8221;,<\/strong> sest putukaid klassis polnud. <em>(<span style=\"font-size: 13px; font-family: arial,sans,sans-serif; color: #000000; text-align: left;\">Varbla P\u00f5hikooli 1. ja 3.klass, \u00f5p <span style=\"font-size: 13px; font-family: arial,sans,sans-serif; color: #000000; text-align: left;\">Urve Selberg<\/span>)<\/span><\/em><br \/>\n<\/span><\/li>\n<li style=\"text-align: justify;\"><span style=\"font-size: 13px; font-family: arial,sans,sans-serif; color: #000000; text-align: left;\">Vahva projekt! <strong>See, et j\u00f5uab kooliaasta sees ka saagini, on eriti tore.<\/strong> <strong>Mida rohkem taimed edasi arenesid, seda suuremaks muutus laste huvi:<\/strong> esimesed \u00f5ied, esimesed viljad ja muidugi viljade v\u00e4rvumine. <em>(\u00f5p Heli Lilleste)<\/em><\/span><\/li>\n<li style=\"text-align: justify;\"><span style=\"font-size: 13px; font-family: arial,sans,sans-serif; color: #000000; text-align: left;\"><span style=\"font-size: 13px; font-family: arial,sans,sans-serif; color: #000000; text-align: left;\">Vahva projekt. Toetab koolis projekt\u00f5pet. <strong>Lastel on suur huvi, nad ei soovi koolist puududa.<\/strong> Tulemused (punased-kollased tomatid) motiveerivad. Meil l\u00e4ks nii h\u00e4sti, et igal lapsel ja \u00f5petajal oli oma taim. Iga\u00fcks hoolitses oma taime eest- kastis, v\u00e4etas, m\u00f5\u00f5tis jne. Tekkis isegi v\u00e4ike v\u00f5istlusmoment. <strong>Lastele meeldis tabelist tulemusi v\u00f5rrelda.<\/strong> Koos tunnistusega saab iga laps ka oma taime koju viia, mis valmistab kindlasti palju r\u00f5\u00f5mu.<\/span> <em>(Ardu Kool, A klass, \u00f5p Natalja Liit)<\/em> <\/span><\/li>\n<li style=\"text-align: justify;\"><span style=\"font-size: 13px; font-family: arial,sans,sans-serif; color: #000000; text-align: left;\"><strong>Lapsed olid v\u00e4ga p\u00f5nevil:<\/strong> otsiti esimest \u00f5isikut ja \u00f5ie avanemist. v\u00f5rreldi poistega , kelle tomatid n\u00e4dalaga pikemaks kasvanud, r\u00f5\u00f5mu tekitas esimene kollane tomat. <strong>Alguses tuli meelde tuletada kastmist ja v\u00e4etamist, aga hiljem laabus k\u00f5ik iseenesest.<\/strong> Kooli l\u00f5puni on m\u00f5ni p\u00e4ev veel ja juba arvutatakse, mitu v\u00e4rvilist tomatit iga \u00f5pilane saab. <em>(Tamsalu G\u00fcmnaasiumi 4a, \u00f5p Sirje Luik)<\/em><br \/>\n<\/span><\/li>\n<li style=\"text-align: justify;\"><strong><span style=\"font-size: 13px; font-family: arial,sans,sans-serif; color: #000000; text-align: left;\">V\u00e4ga hea projekt motiveerimaks ka v\u00e4hem v\u00f5imekaid \u00f5pilasi.<\/span><\/strong><em><span style=\"font-size: 13px; font-family: arial,sans,sans-serif; color: #000000; text-align: left;\"> (\u00f5p. L\u00f5hmus)<\/span><\/em><\/li>\n<li style=\"text-align: justify;\"><span style=\"font-size: 13px; font-family: arial,sans,sans-serif; color: #000000; text-align: left;\"><span style=\"font-size: 13px; font-family: arial,sans,sans-serif; color: #000000; text-align: left;\"><strong>K\u00fcsimused olid vahvad!<\/strong> Lugesime ja arutasime neid klassis. Oli p\u00f5nev, kuigi ise ei vastanud.<br \/>\nProjekt oli imeline! \u00d5pilastele meeldis kohe v\u00e4ga, v\u00e4ga ja endalgi oli vahva toimuvat j\u00e4lgida. Suur ait\u00e4h tublidele projekti m\u00f5tlejatele, organiseerijatele ja teostajatele!<br \/>\nMeil oli mingi \u00e4pardus kleepsudega, kuid me ei lasknud sellest end h\u00e4irida. Oli ikka vahva ja osalesime nii, kuidas meil j\u00f5udu ja taipu j\u00e4tkus.<\/span> <em>(<span style=\"font-size: 13px; font-family: arial,sans,sans-serif; color: #000000; text-align: left;\">Ridala P\u00f5hikool I kl<\/span>, \u00f5p Ene Jundas)<\/em><\/span><\/li>\n<li style=\"text-align: justify;\"><span style=\"font-size: 13px; font-family: arial,sans,sans-serif; color: #000000; text-align: left;\"><span style=\"font-size: 13px; font-family: arial,sans,sans-serif; color: #000000; text-align: left;\">Oli v\u00e4ga huvitav &#8211; j\u00e4lgisime teiste vastuseid ja uurisime k\u00fcsimusi kuid ei postitanud vastuseid. Tomatite kasvatamine tekitas elevust &#8211; plaanisime korra teise klassi viia, et tomatid oleksid l\u00f5una k\u00fcljes aga loobusime kuna tahtsime, et nad oleks ikkagi silme all.<span style=\"font-size: 13px; font-family: arial,sans,sans-serif; color: #000000; text-align: left;\">T\u00e4name huvitava projekti korraldamise eest! <strong>Tomateid v\u00f5ib niisama ka kasvatada aga sedasi koos kasvatades on palju l\u00f5busam!<\/strong> <em>(T\u00fcri PK, \u00f5p Liina Lehis)<\/em><\/span><\/span><\/span><\/li>\n<li style=\"text-align: justify;\"><span style=\"font-size: 13px; font-family: arial,sans,sans-serif; color: #000000; text-align: left;\"><span style=\"font-size: 13px; font-family: arial,sans,sans-serif; color: #000000; text-align: left;\">Suured t\u00e4nud toreda ettev\u00f5tmise eest! <strong>Hea oli, et lapsed said koos vanematega arvuti kaudu j\u00e4lgida \u00f5petaja Katrini tomatite kasvamist ning oodata p\u00f5nevusega meie tomatite v\u00e4rvimuutusi.<\/strong><br \/>\nTomatite maitsmisel olid hakkajad <strong>ka need lapsed, kes tavaliselt tomatit ei s\u00f6\u00f6<\/strong> ja mis k\u00f5ige toredam, maitseski ning osati teha valikki. <span style=\"font-size: 13px; font-family: arial,sans,sans-serif; color: #000000; text-align: left;\">Oleme v\u00e4ga t\u00e4nulikud, et saime osaleda S\u00f5brap\u00e4eva tomatiprojektis. Teatud p\u00f5hjustel k\u00e4isime tomateid vaatamas, m\u00f5\u00f5tmas, m\u00e4rkmeid tegemas teises r\u00fchmas. K\u00f5ige \u00fcllatuslikum oli tomatiprojekti juures, et <strong>lapsi paelus uksele pandud graafik joonisena,<\/strong> kus iga m\u00f5\u00f5tmiskuup\u00e4ev on t\u00e4histatud eriv\u00e4rvi kleepsuga. graafik andis lastele piltlikult hea \u00fclevaate kui palju \u00fcks v\u00f5i teine taim on kasvanud. Lastepoolne t\u00e4helepanek, et varsti ei mahu tomatid paberile \u00e4ra, pakkus parasjagu p\u00f5nevust ja l\u00f5pptulemusena ei mahtunudki &#8211; juba 2 n\u00e4dalat tagasi.<br \/>\nMeie tomatitega on midagi valesti l\u00e4inud. Pruuni kleepsuga taimedelt saime punaseid vilju :)! <\/span>Suur t\u00e4nu vahva ettev\u00f5tmise eest!<\/span><\/span> <em>(<span style=\"font-size: 13px; font-family: arial,sans,sans-serif; color: #000000; text-align: left;\">\u00f5p <span style=\"font-size: 13px; font-family: arial,sans,sans-serif; color: #000000; text-align: left;\">Helve Vetik, Laine Raud, Kairi Mumma)<\/span><\/span><\/em><\/li>\n<li style=\"text-align: justify;\"><span style=\"font-size: 13px; font-family: arial,sans,sans-serif; color: #000000; text-align: left;\">Alguses lasteaialapsed ei ilmutanud huvi, on jah mingid taimed poti sees. Kuid siis <strong>hakati \u00fckshaaval avastama , et taimed l\u00f5hnavad naljakalt.<\/strong> N\u00e4dala alguses j\u00e4lle, et on kasvanud pikemaks kui teine taim. Nii et tomatid olid n\u00e4itlik \u00f5ppematerjal <strong>pikkuste v\u00f5rdlemine, v\u00e4rvuste v\u00f5rdlemine, kunstitegevustes n\u00e4idismaterjaliks<\/strong> kuidas potitaime joonistada ja v\u00e4rvuste \u00f5ppimise juures- rohelise erinevad toonid, samuti punane ja kolllane &#8211; kuidas algul on vili roheline ja siis muutub j\u00e4rk j\u00e4rgult vastavat v\u00e4rvi. K\u00f5ige huvitavam oli lastel siis kui hakkasid viljad v\u00e4rvi v\u00f5tma ja neid sai juba maitsta, siis oli lastel iga p\u00e4ev vaja uurida kas t\u00e4na saab tomatit. Lapsevanemad samuti olid huvitatatud ja fotodega projekti arengut kajastasin lasteaia facebooki lehel. <em>(<span style=\"font-size: 13px; font-family: arial,sans,sans-serif; color: #000000; text-align: left;\">Kasti Lasteaed Karikakar. Sobitusr\u00fchm Karikakar, 11 last vanuses 5-8a, \u00f5p\u00a0<span style=\"font-size: 13px; font-family: arial,sans,sans-serif; color: #000000; text-align: left;\">Tiina M\u00f6lder<\/span>)<\/span><\/em><\/span><\/li>\n<li style=\"text-align: justify;\"><span style=\"font-size: 13px; font-family: arial,sans,sans-serif; color: #000000; text-align: left;\">See on olnud v\u00e4ga huvitav ja l\u00f5bus. <strong>Tore oli koos klassikaaslastega tomateid istutada, kasta, v\u00e4etada ja m\u00f5\u00f5ta<\/strong>.<\/span> <em>(<span style=\"font-size: 13px; font-family: arial,sans,sans-serif; color: #000000; text-align: left;\">6.- 7.klass &#8211; kool on j\u00e4\u00e4nud m\u00e4rkimata :))<\/span><\/em><\/li>\n<li style=\"text-align: justify;\"><span style=\"font-size: 13px; font-family: arial,sans,sans-serif; color: #000000; text-align: left;\">V\u00e4ga vahva ettev\u00f5tmine. Lapsed t\u00f5esti tundsid huvi ja toimetasid enda tomatis\u00f5prade \u00fcmber. <strong>Nii m\u00f5nigi laps, kes muidu ei saa koolitunnis s\u00e4rada, sai selle projektiga selle v\u00f5imaluse.\u00a0<\/strong><em>(\u00f5p. Lokko)<\/em><br \/>\n<\/span><\/li>\n<li style=\"text-align: justify;\"><span style=\"font-size: 13px; font-family: arial,sans,sans-serif; color: #000000; text-align: left;\">Vahva! <strong>Palju elevust ja hoolivust. Taimedele valiti ema ja vanaema<\/strong>, kes &#8220;lapsukeste&#8221; eest erilist hoolt kandsid. <em>(<span style=\"font-size: 13px; font-family: arial,sans,sans-serif; color: #000000; text-align: left;\">Parksepa KK V klass, \u00f5p Liia Luik)<\/span><\/em><br \/>\n<\/span><\/li>\n<li style=\"text-align: justify;\"><span style=\"font-size: 13px; font-family: arial,sans,sans-serif; color: #000000; text-align: left;\">V\u00e4ga vahva projekt. Andis lastele v\u00f5imaluse taimede kasvu j\u00e4lgida ning harjutada <strong>vastutamist elusa looduse eest.<\/strong> <em>(<span style=\"font-size: 13px; font-family: arial,sans,sans-serif; color: #000000; text-align: left;\">Lindi LAAK 3.klass, \u00f5p Kaire Kiivit)<\/span><\/em><br \/>\n<\/span><\/li>\n<li style=\"text-align: justify;\"><span style=\"font-size: 13px; font-family: arial,sans,sans-serif; color: #000000; text-align: left;\">Vahva oleks, kui oleks olnud ka mingi <strong>kontrolltaim<\/strong>, mida ei v\u00e4etatagi! <span style=\"font-size: 13px; font-family: arial,sans,sans-serif; color: #000000; text-align: left;\">Ait\u00e4h teile selle vahva ettev\u00f5tmise eest ja loodame, et m\u00f5tlete ka edaspidi nii vahvaid asju v\u00e4lja! <em>(Airi Siim)<\/em><\/span><br \/>\n<\/span><\/li>\n<li style=\"text-align: justify;\"><span style=\"font-size: 13px; font-family: arial,sans,sans-serif; color: #000000; text-align: left;\">Lapsed l\u00e4ksid v\u00e4ga h\u00e4sti kaasa. Meie kool sai 7 komplekti tomateid, <strong>iga ilmakaare akendele<\/strong> jagus. <strong>Lapsed k\u00e4isid v\u00f5rdlemas<\/strong>, kuidas taimekasvud erinesid. (Signe J\u00f5erand)<br \/>\n<\/span><\/li>\n<li style=\"text-align: justify;\"><span style=\"font-size: 13px; font-family: arial,sans,sans-serif; color: #000000; text-align: left;\">T\u00e4name korraldajaid! Lapsed olid p\u00f5nevil ja tegelemine tomatitega <strong>kasvatas lastes hoolivust, vastutust, planeerimist, t\u00e4helepanu<\/strong>. <em>(<span style=\"font-size: 13px; font-family: arial,sans,sans-serif; color: #000000; text-align: left;\">Tartu Forseliuse Kool, Jane M\u00fcllerson)<\/span><\/em><br \/>\n<\/span><\/li>\n<li style=\"text-align: justify;\"><span style=\"font-size: 13px; font-family: arial,sans,sans-serif; color: #000000; text-align: left;\">Oli huvitav. Kartsime alguses, et tomatid ei saa valmis, aga kevadine soojus tegi imet. Meil on keskp\u00e4evap\u00e4ikesega klass ja taimedele meie klassis meeldis. Kuna 2. klass, kes ka osales, oli v\u00e4ga mures oma taimede p\u00e4rast, mis m\u00f5ne n\u00e4dalaga v\u00e4ga vibalikuks venisid, siis palusid nad luba peale esimest istutamist ka oma taimed meie klassi tuua. Seega oli meie aknal 8 taime. Kevadeks seega paras kasvuhoone. Klassi tulles oli kogu aeg m\u00f5nus tomatil\u00f5hn ninas. Alguses tundus, et punased edenevad j\u00f5udsamalt, aga \u00fchel hetkel p\u00f6\u00f6rdus k\u00f5ik kollaste kasuks. Enamus juuni alguseks valminud viljadest olid m\u00f5lemal klassil kollased. 2. klassi tomatid tulid j\u00f5udsalt j\u00e4rgi ja viljusid ainult n\u00e4dala jagu hiljem. N\u00fc\u00fcd on aga k\u00f5ik taimed ilusaid kobaraid t\u00e4is. Kasvult on siiski tugevamad punased sordid( lehed lopsakamad)., aga kobarad on tihedamad just kollastel. Igatahes oli projekt lastele v\u00e4ga huvitav. K\u00f5ik elasid tomatitele kaasa ja keegi ei napsanud salaja pooltoorest vilja \u00e4ra. \u00dchtsus oli suurep\u00e4rane.<br \/>\nAit\u00e4h toreda algatuse eest ja \u00f5petajal ka kasud sees. Lapsed otsustasid, et just \u00f5petaja peaks taimed suveks koju v\u00f5tma ja nendega edasi tegelema :). <em>(<\/em><span style=\"font-size: 13px; font-family: arial,sans,sans-serif; color: #000000; text-align: left;\"><em>E. Vilde nim. Juuru G\u00fcmn. 3. klass, \u00f5p <span style=\"font-size: 13px; font-family: arial,sans,sans-serif; color: #000000; text-align: left;\">Anneli Simkin<\/span>)<\/em><br \/>\n<\/span><\/span><\/li>\n<li style=\"text-align: justify;\"><span style=\"font-size: 13px; font-family: arial,sans,sans-serif; color: #000000; text-align: left;\">V\u00e4ga tore \u00fcritus, tahaks j\u00e4rgmisel aastal j\u00e4lle midagi taolist ette v\u00f5tta. \u00d5pilastel oli igatahes v\u00e4ga huvitav ja targemaks said ka kindlasti.<br \/>\nKahju ainult, et me punaseid ega kollaseid tomateid viimaseks koolip\u00e4evaks ei saanudki. Ju vist olid liiga kehvad valgusolud. Tegelikult \u00fche tomati oleksime pidanud saama, aga \u00fchel hetkel oli see k\u00f5ige tublim tomat taime k\u00fcljest imev\u00e4el kaduma l\u00e4inud. <em>(\u00f5p Gea)<\/em><br \/>\n<\/span><\/li>\n<li style=\"text-align: justify;\"><span style=\"font-size: 13px; font-family: arial,sans,sans-serif; color: #000000; text-align: left;\">Oli tore ja huvitav. Eriti siis, kui hakkasid tulema ja valmima viljad. Otsiti ja tehti toeks keppe, et oksad ei murduks, loeti v\u00e4rvunud tomateid.<br \/>\nKahjuks olin ise t\u00fckk aega haige, siis l\u00e4ks asi natuke k\u00e4est \u00e4ra &#8211; 2 oksa murdusid raskuse all. <em>(<span style=\"font-size: 13px; font-family: arial,sans,sans-serif; color: #000000; text-align: left;\">Tallinna PMG 4.A klass<\/span>, \u00f5p Urve Kartau)<\/em><br \/>\n<\/span><\/li>\n<li style=\"text-align: justify;\"><span style=\"font-size: 13px; font-family: arial,sans,sans-serif; color: #000000; text-align: left;\">Lastel oli v\u00e4ga huvitav. Igal hommikul loeti viljad \u00fcle ja pandi k\u00f5iki muutusi t\u00e4hele. Meie &#8220;Vilma&#8221; tavaga juhtus midagi ootamatut, sest \u00fchel hommikul avastasime, et<strong> lehtedel olid laigud<\/strong>. Taim j\u00e4igi kiduraks. Kas kastsime \u00fcle, v\u00f5i oli istutamisel midagi mullas v\u00f5i&#8230;&#8230;?<br \/>\nK\u00f5ikidele n\u00e4dalak\u00fcsimustele ei j\u00f5udnudki vastata. Meil oli koolis projektin\u00e4dal ja palju muid \u00fcritusi.<em>(<span style=\"font-size: 13px; font-family: arial,sans,sans-serif; color: #000000; text-align: left;\">Viljandi Paalalonna Kool 2.b klass 23 last<\/span>, \u00f5p Helju Kurg)<\/em><br \/>\n<\/span><\/li>\n<li style=\"text-align: justify;\"><span style=\"font-size: 13px; font-family: arial,sans,sans-serif; color: #000000; text-align: left;\">Lapsed olid p\u00f5nevil. R\u00e4\u00e4kisid kodudes, kuidas tomatid kasvavad. <strong>Neid tomateid s\u00f5id ka lapsed, kes tavaliselt tomateid ei s\u00f6\u00f6.<\/strong> <em>(<span style=\"font-size: 13px; font-family: arial,sans,sans-serif; color: #000000; text-align: left;\">Kilingi-N\u00f5mme G\u00fcmn., 1a, \u00f5p Eve Sinij\u00e4rv)<\/span><\/em><br \/>\n<\/span><\/li>\n<li style=\"text-align: justify;\"><span style=\"font-size: 13px; font-family: arial,sans,sans-serif; color: #000000; text-align: left;\">V\u00e4ga tore projekt. Lastele meeldis v\u00e4ga tomatitaimede eest hoolitseda. Kui varem m\u00f5ned lapsed ei tahtnud eriti <strong>korrapidaja ametis<\/strong> olla, siis peale seda, kui korrapidaja t\u00f6\u00f6\u00fclesanneteks sai tomatite kastmine ja m\u00f5\u00f5tmine, sai korrapidaja amet v\u00e4ga populaarseks ja k\u00f5ik tahtsid r\u00f5\u00f5muga korrapidajad olla. <em>(<span style=\"font-size: 13px; font-family: arial,sans,sans-serif; color: #000000; text-align: left;\">P\u00f5lva Keskkool, 2.a klass, Eha Kraav)<\/span><\/em><br \/>\n<\/span><\/li>\n<li style=\"text-align: justify;\"><span style=\"font-size: 13px; font-family: arial,sans,sans-serif; color: #000000; text-align: left;\">Tore projekt, vaatlused aitasid ilmestada tunde, lapsed olid osav\u00f5tlikud, j\u00e4lgisid taimi, kastsid. Varasematel aastatel oleme kasvatanud ka erinevaid taimi, kuid siis oli igal \u00fchel oma taim (ei tekkinud &#8220;<strong>meie&#8221; tunne<\/strong>t, oli ainult oma). <em>(<span style=\"font-size: 13px; font-family: arial,sans,sans-serif; color: #000000; text-align: left;\">Puiga P\u00f5hikool 2. klass, Siiri Plangi)<\/span><\/em><br \/>\n<\/span><\/li>\n<li style=\"text-align: justify;\"><span style=\"font-size: 13px; font-family: arial,sans,sans-serif; color: #000000; text-align: left;\">V\u00e4ga tore ettev\u00f5tmine. Tore oli j\u00e4lgid, kuidas l<strong>apsed \u00fcllatusid iga esimese \u00f5ie, viljahakatise ning eriti esimese kollase tomati \u00fcle<\/strong>.<em>(<span style=\"font-size: 13px; font-family: arial,sans,sans-serif; color: #000000; text-align: left;\">S\u00f5merpalu PK 2. klass<\/span>, \u00f5p Anneli J\u00f5eloo)<\/em><br \/>\n<\/span><\/li>\n<li style=\"text-align: justify;\"><span style=\"font-size: 13px; font-family: arial,sans,sans-serif; color: #000000; text-align: left;\">V\u00e4ga meeldis see projekt. 1.klassi lapsed olid \u00f5hinas vaatlemas, m\u00e4rkamas. <strong>Koostasime endal ka &#8220;Tomatiprojekti&#8221; \u00f5pimapi<\/strong>. Hea v\u00f5imalus \u00f5petada lastele j\u00e4rjepidevust ja kohusetunnet. (taimede eest hoolitsemine- kastmine jne) <em>(\u00f5p <span style=\"font-size: 13px; font-family: arial,sans,sans-serif; color: #000000; text-align: left;\">Airi P\u00e4rnamets)<\/span><\/em><br \/>\n<\/span><\/li>\n<li style=\"text-align: justify;\"><span style=\"font-size: 13px; font-family: arial,sans,sans-serif; color: #000000; text-align: left;\">\u00d5pilastele pakkus palju huvi, linnalapsed ei ole \u00fcldse midagi kasvatanud; saime aru teemast <strong>mahetoit ja mineraalv\u00e4etised<\/strong>; \u00f5ppisime <strong>pidevalt vaatlus<\/strong>i tegema ja taimede eest <strong>hoolitsema<\/strong> (\u00f5petaja ja laborant olid ka valvel); kogu klass k\u00e4is korduvalt taimi vaatamas laboris, k\u00fclmade ilmadega panime elektrik\u00fctte sisse; <strong>saime aru, et taimed on elus<\/strong>. <span style=\"font-size: 13px; font-family: arial,sans,sans-serif; color: #000000; text-align: left;\">Huvitav ja t\u00e4nuv\u00e4\u00e4rne algatus. \u00d5pilased vajavad taolise projekti \u00fclevalhoidmiseks k\u00fcllaltki palju tuge, viktoriini ja t\u00e4helepanekute saatmiseni me ei j\u00f5udnud. Fotosid lapsed tegid. Meil \u00f5pivad vene lapsed eesti keeles, seet\u00f5ttu nad ise ei saatnud arvamusi. Suve hakul said lapsed tomatitaimed koju, omale. Suur t\u00e4nu projekti eest! <em>(<span style=\"font-size: 13px; font-family: arial,sans,sans-serif; color: #000000; text-align: left;\">Kohtla-J\u00e4rve Maleva p\u00f5hikool, 6a, Krista Piir)<\/span><\/em><\/span><br \/>\n<\/span><\/li>\n<li style=\"text-align: justify;\"><span style=\"font-size: 13px; font-family: arial,sans,sans-serif; color: #000000; text-align: left;\">V\u00e4ga vahva projekt ja 6. klassi \u00f5pilased leidsid, et see <strong>oli \u00f5ppeaasta \u00fcks vahvamaid ettev\u00f5tmisi.<\/strong><br \/>\nLoodusklassis kasvasid nii 4. kui 6. klassi tomatid ja selgus, et <strong>varem viljusid ja suurema saagi andsid need tomatid, mis olid paigutatud viimaste pinkide juurde, kus k\u00f5ikide klasside aktiivsemad \u00f5pilased asusid.<\/strong> J\u00e4reldasime, et tomatitele meeldib, kui nendega suheldakse.<em> (\u00f5p Karin Sikkal)<\/em><br \/>\n<\/span><\/li>\n<li style=\"text-align: justify;\"><span style=\"font-size: 13px; font-family: arial,sans,sans-serif; color: #000000; text-align: left;\">Superlahe ettev\u00f5tmine. Me ei saatnud oma vastuseid, kuid iga n\u00e4dal lugesime k\u00fcsimusi ja p\u00e4rast ka vastuseid. T\u00e4nud idee autorile ja projekti l\u00e4biviijatele. Olete suure ja mahuka t\u00f6\u00f6ga hakkama saanud. <strong>Olete oma projektiga toonud kindlasti paljude (linna)laste peredesse tomati kasvatamise julguse ja r\u00f5\u00f5mu.<\/strong> Kui kokkuv\u00f5tteid tegime ja oma tegemistest teistele koolikaaslastele r\u00e4\u00e4kisime, siis l\u00e4ksid ka teistel lastel silmad s\u00e4rama &#8211; korraldame ka j\u00e4rgmisel aastal oma klassis sellise ettev\u00f5tmise.<br \/>\nOotame p\u00f5nevusega uusi algatusi -tore, kui projekt j\u00e4tkuks m\u00f5ne teise taime kasvatamisega. Olete tublid!<\/span> <em>(<span style=\"font-size: 13px; font-family: arial,sans,sans-serif; color: #000000; text-align: left;\">Tartu Descartes\u00b4i L\u00fctseum, 1b klass, \u00f5p K\u00fclli Hindrikson)<\/span><\/em><\/li>\n<li style=\"text-align: justify;\"><span style=\"font-size: 13px; font-family: arial,sans,sans-serif; color: #000000; text-align: left;\"><span style=\"font-size: 13px; font-family: arial,sans,sans-serif; color: #000000; text-align: left;\">V\u00e4ga p\u00f5nev oli! <strong>Eriti meeldis lastele \u00fcmberistutamise protsess.<\/strong> Peale seda hakkasid poisid eriti oma taime silmas pidama. Tomatite auks <strong>korraldasime ka nimekonkursi<\/strong> (hiljem selgus, et nimi sobib ka iseloomuga): Vilma, mahe &#8211; Felix Topsu (suur ja auks k\u00f5igile tomatitele); Venus, mahe &#8211; Tomat Tom (pisike poisike); Venus, tava &#8211; Roti Pl\u00e4rts (t\u00f6\u00f6 kiire ja korralik); Vilma, tava &#8211; H\u00e4rra Tomat (suur ja laisk, alles hiljuti tulid viljad k\u00fclge). <em>(<span style=\"font-size: 13px; font-family: arial,sans,sans-serif; color: #000000; text-align: left;\">Tallinna Toomkool, 1 P klass, <span style=\"font-size: 13px; font-family: arial,sans,sans-serif; color: #000000; text-align: left;\">Mai-Liis M\u00e4ev\u00e4li, klassijuhataja)<\/span><\/span><\/em><\/span><\/span><\/li>\n<li style=\"text-align: justify;\"><span style=\"font-size: 13px; font-family: arial,sans,sans-serif; color: #000000; text-align: left;\"><strong>Mida aeg edasi, seda p\u00f5nevamaks l\u00e4ks.<\/strong> Lapsed olid \u00f5hinal asja juures. Eriti pidulik oli esimeste viljade maitsmine. <strong>\u00d5pilased nimetasid taimi pisikesteks lapsukesteks.<\/strong> <em>(\u00f5p. Triin Vaiksoo)<\/em><br \/>\n<\/span><\/li>\n<li style=\"text-align: justify;\"><span style=\"font-size: 13px; font-family: arial,sans,sans-serif; color: #000000; text-align: left;\">P\u00e4ris p\u00f5nev. Kuigi on maalapsed ja iga\u00fchel suvel tomatid kasvuhoones, siis l\u00e4ksid p\u00e4ris hasarti. M\u00f5\u00f5tsid, segasid v\u00e4etiselahuseid ja k\u00e4isid 1.-2. klassi taimedega v\u00f5rdlemas.\u00a0<span style=\"font-size: 13px; font-family: arial,sans,sans-serif; color: #000000; text-align: left;\">Nende omad olid samasse ilmakaarde, ainult <strong>korrus madalamal. Justnagu oleks erinevad sordid.<\/strong> Meie taimed, eriti just &#8220;Vilmad&#8221; kasvasid j\u00f5uliseks ning laiutasid k\u00f5vasti (l\u00f5puks ei matunud enam \u00fche laua peale \u00e4ra). Nende taimed nii palju laiusesse ei kasvanud.<\/span> <span style=\"font-size: 13px; font-family: arial,sans,sans-serif; color: #000000; text-align: left;\">\u00a0<\/span> <em>(<span style=\"font-size: 13px; font-family: arial,sans,sans-serif; color: #000000; text-align: left;\">Kildu P\u00f5hikool 5. klass, Viiu Toomingas)<\/span><\/em><br \/>\n<\/span><\/li>\n<li style=\"text-align: justify;\"><span style=\"font-size: 13px; font-family: arial,sans,sans-serif; color: #000000; text-align: left;\">Projekt oli noortele v\u00e4ga p\u00f5nev.Kasvatasime oma tomateid erinevates kohtades ja tulemus oli see, et <strong>p\u00e4ikese k\u00e4es kasvavad tomatid olid palju pikemad ja lopsakamad ja kandsid vilju palju rohkem<\/strong>. <em>(<span style=\"font-size: 13px; font-family: arial,sans,sans-serif; color: #000000; text-align: left;\">Roodev\u00e4lja Noortekeskus, 7-13 aastaste 2 r\u00fchm<\/span>,<span style=\"font-size: 13px; font-family: arial,sans,sans-serif; color: #000000; text-align: left;\">noortekeskuse juhataja Lilian Loit<\/span>)<\/em><\/span><\/li>\n<li style=\"text-align: justify;\"><span style=\"font-size: 13px; font-family: arial,sans,sans-serif; color: #000000; text-align: left;\"><span style=\"font-size: 13px; font-family: arial,sans,sans-serif; color: #000000; text-align: left;\">Tore oli projektist osa v\u00f5tta. Lapsed n\u00e4gid, kuidas v\u00e4ikesest taimest sirgusid suured taimed ning said omakasvatatud tomateid ka s\u00fc\u00fca. Isegi \u00f5petajad imestasid, et juba punased ja kollased viljad k\u00fcljes. Lapsed k\u00e4isid igal hommikul tomateid \u00fcle vaatmas. Isegi pikap\u00e4eva lapsed (1.a ja 1.c) uudistasid ja lugesid v\u00e4rvilisi tomateid. Lastel oli meeles kastmine ja v\u00e4etamine, tahtsid k\u00f5ike ise teha. Iga\u00fcks tahtis taimi m\u00f5\u00f5ta. Siis oligi igal n\u00e4dalal erinevad lapsed, kes m\u00f5\u00f5tsid ja kirja panid.<br \/>\nSelliseid projekte v\u00f5ib veelgi olla &#8211; <strong>\u00f5petaja sai ka juhised, kuidas \u00f5igesti toimida, sai suunata lapsi ise otsima, tegutsema.<\/strong><br \/>\nMeie jaotasime saagi kohe k\u00f5igi vahel \u00e4ra. Eriti keeruline oli algul, kui 3 tomatit jagasin 19-lapse vahel. Aga iga\u00fcks sai maitse suhu ja olid rahul ning \u00f5nnelikud. 2.juunil oli tomateid juba 19 &#8211; seega iga\u00fcks sai 1 terve tomati.<\/span> <em>(<span style=\"font-size: 13px; font-family: arial,sans,sans-serif; color: #000000; text-align: left;\">Kadrina Keskkool 1.B klass 19 \u00f5pilast<\/span>, \u00f5p <span style=\"font-size: 13px; font-family: arial,sans,sans-serif; color: #000000; text-align: left;\">Elle Tamme<\/span>)<\/em><\/span><\/li>\n<li style=\"text-align: justify;\"><span style=\"font-size: 13px; font-family: arial,sans,sans-serif; color: #000000; text-align: left;\"><span style=\"font-size: 13px; font-family: arial,sans,sans-serif; color: #000000; text-align: left;\"> Meie ei saanud ka tomatiprojekti kokkuv\u00f5tvat lehte t\u00e4ita, sest varakevadel oli suur haiguste laine, siis k\u00f5igepealt oli haige \u00f5petaja, p\u00e4rast tema laps, kooli\u00f5pilastest r\u00e4\u00e4kimata, siis tekkis andmete m\u00f5\u00f5tmisel 3-4 n\u00e4dalane paus. Sellegipoolest oli meil erakordselt tore, igal neljap\u00e4eval kogunesime ruumi, kus tomatid kasvasid, seal siis toimetasime ja uurisime neid. Kokku saime me 1. juuniks 30 k\u00fcpset vilja. K\u00f5ige viljakam oli Venus, tava, temalt korjasime kokku 18 punast vilja.<\/span><span style=\"font-size: 13px; font-family: arial,sans,sans-serif; color: #000000; text-align: left;\">Suur ait\u00e4h Teile selle imelise tomatikevade eest! P\u00e4ikest!<\/span> (<span style=\"font-size: 13px; font-family: arial,sans,sans-serif; color: #000000; text-align: left;\">Meie oleme Haapsalu Viigi Koolist, 4.\/5.\/6. klass).<\/span><\/span><\/li>\n<li style=\"text-align: justify;\"><span style=\"font-size: 13px; font-family: arial,sans,sans-serif; color: #000000; text-align: left;\"><span style=\"font-size: 13px; font-family: arial,sans,sans-serif; color: #000000; text-align: left;\">Meie klassi aknad on \u00f5htuse p\u00e4ikese poole, seega <strong>olime natuke \u00f5nnetud<\/strong> kui teised koolis-lasteaias osalenud grupid n\u00e4itasid ammuilma juba oma v\u00e4rvunud tomateid, siis meil polnud veel midagi. Tegime isekeskis nalja, et s\u00fcgiseks saame, kuid r\u00f5\u00f5msaks tegi see, et ikkagi \u00f5nnestus ka v\u00e4rvunud vilju korjata enne kooli l\u00f5ppu.<br \/>\nTaimed on n\u00fc\u00fcd \u00f5nnelikult \u00f5pilaste kodustes kasvuhoonetes, m\u00f5ne paari puhul ei suutnud paarilised koos otsusele tulla, kumb siis ikkagi taime endale koju viia saab. \ud83d\ude09 <\/span><span style=\"font-size: 13px; font-family: arial,sans,sans-serif; color: #000000; text-align: left;\">Projektis osalemine oli \u00fclip\u00f5nev, tekitas lastes hasarti, vahepeal sai meie klass h\u00fc\u00fcdnimeks kasvuhoone, sest kasvatasime veel \u00f5petajate vaheajal Prantsusmaalt kaasa toodud seemneid ja t\u00f5ime tuppa oksad, milledel j\u00e4lgisime pungade puhkemist, lehtede kasvamist ja \u00f5itsemist.<\/span> <em>(<span style=\"font-size: 13px; font-family: arial,sans,sans-serif; color: #000000; text-align: left;\">Konguta Kooli 2. klass<\/span>, \u00f5p Elin Karuoja)<\/em><\/span><\/li>\n<li style=\"text-align: justify;\"><span style=\"font-size: 13px; font-family: arial,sans,sans-serif; color: #000000; text-align: left;\"><span style=\"font-size: 13px; font-family: arial,sans,sans-serif; color: #000000; text-align: left;\"><span style=\"font-size: 100.0%; font-family: arial,sans,sans-serif; font-weight: normal; font-style: normal; text-decoration: none; color: #000000; text-align: left;\">V\u00e4ga p\u00f5nev ja hariv. Lastele meeldis tomatitaimedega tegelemine v\u00e4ga. Olin seda meelt, et <strong>selle projektiga tegelevad lapsed ise ( juhendid ja video oli olemas) algusest kuni l\u00f5puni. Ise hoolitsesid, ise m\u00e4rkisid ja ise s\u00f5id tomateid. Kui palju r\u00f5\u00f5mu ja elevust see neile valmistas!<\/strong> Nii nagu lapsed olid m\u00e4rkinud, nii ma sealt andmed ka k\u00fcsimustikku panin<\/span>. <em>(<span style=\"font-size: 100%; font-family: arial,sans,sans-serif; font-weight: normal; text-decoration: none; color: #000000; text-align: left;\">Tartu Annelinna G\u00fcmnaasiumi 1.a klass<\/span>, \u00f5p A. Kaskman)<\/em><\/span><\/span><\/li>\n<li style=\"text-align: justify;\"><span style=\"font-size: 13px; font-family: arial,sans,sans-serif; color: #000000; text-align: left;\">Projekt oli suurep\u00e4rane. Lapsed olid vaimustatud ja <strong>see \u00fchendas klassi.<\/strong> <strong>\u00d5petas lastele organiseeritust ja igap\u00e4evast hoolitsust. <\/strong><em>(<span style=\"font-size: 13px; font-family: arial,sans,sans-serif; color: #000000; text-align: left;\">Mustvee G\u00fcmnaasiumi 4.klass, \u00f5p Rita Postov<\/span><span style=\"font-size: 13px; font-family: arial,sans,sans-serif; color: #000000; text-align: left;\">)<\/span><strong><span style=\"font-size: 13px; font-family: arial,sans,sans-serif; color: #000000; text-align: left;\"><br \/>\n<\/span><\/strong><\/em><\/span><\/li>\n<\/ul>\n<p><span style=\"color: #ff0000;\"><strong>T\u00c4NAME <span style=\"color: #008000;\">\u00d5PETAJAID-EESTVEDAJAID-TAGANTTORKIJAID!<\/span><br \/>\n<\/strong><\/span><\/p>\n<div id=\":2.sc\" class=\"ss-summary-container\">\n<div style=\"text-align: justify;\"><span class=\"ss-text-answer-container\">Triin K\u00f5iv,<\/span> <span class=\"ss-text-answer-container\">Maria T\u0161irkova<\/span>,<span class=\"ss-text-answer-container\"> Liia Kullerkupp,<\/span> <span class=\"ss-text-answer-container\">Triin-Britt Tauts,<\/span> <span class=\"ss-text-answer-container\">Siivi V\u00e4hk, Kerttu Kabral,<\/span> <span class=\"ss-text-answer-container\">Liina Lehis,<\/span> <span class=\"ss-text-answer-container\">Anne Aia,<\/span> <span class=\"ss-text-answer-container\">Marika Peksar,<\/span> <span class=\"ss-text-answer-container\">Silja Enok,<\/span> <span class=\"ss-text-answer-container\">Toomas Riet<\/span>, <span class=\"ss-text-answer-container\">Triinu Uibo,<\/span> <span class=\"ss-text-answer-container\">Kaie Henk,<\/span> <span class=\"ss-text-answer-container\">Eha Kraav,<\/span> <span class=\"ss-text-answer-container\">Marina Uukivi,<\/span> <span class=\"ss-text-answer-container\">Astrid Nikkel,<\/span> <span class=\"ss-text-answer-container\">Anneli Nagel,<\/span> <span class=\"ss-text-answer-container\">Ingrid Herrmann,<\/span> <span class=\"ss-text-answer-container\">Eelika Laane,<\/span> <span class=\"ss-text-answer-container\">Tiia Randpere,<\/span> <span class=\"ss-text-answer-container\">Eeliks Laane,<\/span> <span class=\"ss-text-answer-container\">Hele N\u00f6\u00f6ri,<\/span> <span class=\"ss-text-answer-container\">Anneli J\u00f5eloo,<\/span> <span class=\"ss-text-answer-container\">Maret Kampus,<\/span> <span class=\"ss-text-answer-container\">Evelyn Ojaperv,<\/span> <span class=\"ss-text-answer-container\">Tiina Lang,\u00a0 <\/span><span class=\"ss-text-answer-container\">Aili Vandler,<\/span> <span class=\"ss-text-answer-container\">Karin Sikkal,<\/span> <span class=\"ss-text-answer-container\">Katrin Palmiste, Liaana Vesso,<\/span> <span class=\"ss-text-answer-container\">Tiina Mets,<\/span> <span class=\"ss-text-answer-container\">Siiri Plangi,<\/span> <span class=\"ss-text-answer-container\">Kaire Kiivit,<\/span> <span class=\"ss-text-answer-container\">Tiia T\u00f5nts,<\/span> <span class=\"ss-text-answer-container\">Reet Saar,<\/span> <span class=\"ss-text-answer-container\">Mare Allikas,<\/span> <span class=\"ss-text-answer-container\">Eve Jaansoo, Merike Luik,<\/span> <span class=\"ss-text-answer-container\">Urve Kartau,<\/span> <span class=\"ss-text-answer-container\">Anne \u00c4nilane,<\/span> <span class=\"ss-text-answer-container\">Ly Niinelaid,<\/span> <span class=\"ss-text-answer-container\">K\u00fclli Hindrikson,<\/span> <span class=\"ss-text-answer-container\">Eerika L\u00f5\u00f5bas,<\/span> <span class=\"ss-text-answer-container\">Tea Laas,<\/span> <span class=\"ss-text-answer-container\">Viigi Tiits,<\/span> <span class=\"ss-text-answer-container\">Kersti Tsirp,<\/span> <span class=\"ss-text-answer-container\">Anneli Raudvee, Kadi Sulengo,<\/span> <span class=\"ss-text-answer-container\">Veve Kallasaru,<\/span> <span class=\"ss-text-answer-container\">Urve K\u00f6idam,<\/span> <span class=\"ss-text-answer-container\">Ande Kaur,<\/span> <span class=\"ss-text-answer-container\">Inge Korka,<\/span> <span class=\"ss-text-answer-container\">Ester Kalder,<\/span> <span class=\"ss-text-answer-container\">Viiu Toomingas,<\/span> <span class=\"ss-text-answer-container\">Gaile Vask,<\/span> <span class=\"ss-text-answer-container\">Anneli Saarela,<\/span> <span class=\"ss-text-answer-container\">Natalja Liit,<\/span> <span class=\"ss-text-answer-container\">Evely Piksar,<\/span> <span class=\"ss-text-answer-container\">Eha Ermits,<\/span> <span class=\"ss-text-answer-container\">Ene Jundas,<\/span> <span class=\"ss-text-answer-container\">Mare Tallo,<\/span> <span class=\"ss-text-answer-container\">Aili Miller,<\/span> <span class=\"ss-text-answer-container\">Tiina Metsmaa,<\/span> <span class=\"ss-text-answer-container\">Heli Mitt,<\/span> <span class=\"ss-text-answer-container\">Maiki Kruuda,<\/span> <span class=\"ss-text-answer-container\">Anne Kippus,<\/span> <span class=\"ss-text-answer-container\">K.Lumiste,<\/span> <span class=\"ss-text-answer-container\">Ly Torn,<\/span> <span class=\"ss-text-answer-container\">Mare Kivi,<\/span> <span class=\"ss-text-answer-container\">Jekaterina Korolko,<\/span> <span class=\"ss-text-answer-container\">Piret Linnam\u00e4e,<\/span> <span class=\"ss-text-answer-container\">Merit M\u00e4nni, Marja-Liisa Rebase,<\/span> <span class=\"ss-text-answer-container\">Gea Kiudorf,<\/span> <span class=\"ss-text-answer-container\">Liivi Russing, Krista Tepaskind,<\/span> <span class=\"ss-text-answer-container\">Merike N\u00e4kk, Gerli Loos,<\/span> <span class=\"ss-text-answer-container\">Angela Aas,<\/span> <span class=\"ss-text-answer-container\">Merike Luik<\/span>, <span class=\"ss-text-answer-container\">Eve Jurask,<\/span> H<span class=\"ss-text-answer-container\">eli Arge,<\/span> <span class=\"ss-text-answer-container\">Helju Kurg,<\/span> <span class=\"ss-text-answer-container\">K\u00fclli Allik,<\/span> <span class=\"ss-text-answer-container\">Signe Raudkepp,<\/span> <span class=\"ss-text-answer-container\">Sirli Aari,<\/span> <span class=\"ss-text-answer-container\">Gea Ennist,<\/span> <span class=\"ss-text-answer-container\">Jane M\u00fcllerson,<\/span> <span class=\"ss-text-answer-container\">Eve Trei,<\/span> <span class=\"ss-text-answer-container\">Heli Reineberg,<\/span> <span class=\"ss-text-answer-container\">Niina T\u0161umel,<\/span> <span class=\"ss-text-answer-container\">Nadja Silina, Ebe K\u00f5nd, Luule Juhansonn,<\/span> <span class=\"ss-text-answer-container\">Ivi Vaiknurm,<\/span> <span class=\"ss-text-answer-container\">Viive Viller,<\/span> <span class=\"ss-text-answer-container\">Katrin Reino,<\/span> <span class=\"ss-text-answer-container\">Tiina M\u00f6lder,<\/span> <span class=\"ss-text-answer-container\">K\u00e4tlin Merisalu,<\/span> <span class=\"ss-text-answer-container\">Evelin Teppo,<\/span> <span class=\"ss-text-answer-container\">Veikko Vunk,<\/span> <span class=\"ss-text-answer-container\">Aile Saar,<\/span> <span class=\"ss-text-answer-container\">Pille Evard,<\/span> <span class=\"ss-text-answer-container\">Merle Kihlefeldt,<\/span> <span class=\"ss-text-answer-container\">Liivi K\u00fctt,<\/span> <span class=\"ss-text-answer-container\">K\u00fclli Lindau,<\/span> <span class=\"ss-text-answer-container\">Dea J\u00fcrgens,<\/span> <span class=\"ss-text-answer-container\">Aire Narits,<\/span> <span class=\"ss-text-answer-container\">Malle Mihaili\u0161in,<\/span> <span class=\"ss-text-answer-container\">Silja Tammi,<\/span> <span class=\"ss-text-answer-container\">Kairi Kroon,<\/span> <span class=\"ss-text-answer-container\">Inga Lokko,<\/span> <span class=\"ss-text-answer-container\">Triinu Sepp,<\/span> <span class=\"ss-text-answer-container\">Kaire Rooden,<\/span> <span class=\"ss-text-answer-container\">Triin Vaiksoo,<\/span> <span class=\"ss-text-answer-container\">Alli Kaarama,<\/span> <span class=\"ss-text-answer-container\">Valli Kulu,<\/span> <span class=\"ss-text-answer-container\">Oxana Nikitina,<\/span> <span class=\"ss-text-answer-container\">Tiina K\u00f6ster,<\/span> <span class=\"ss-text-answer-container\">Heli Lilleste,<\/span> <span class=\"ss-text-answer-container\">Piret Laidroo,<\/span> <span class=\"ss-text-answer-container\">R. Ruul, M.K\u00f5iv,<\/span> <span class=\"ss-text-answer-container\">Ellen Roosileht,<\/span> <span class=\"ss-text-answer-container\">Helle K\u00fclljastinen,<\/span> <span class=\"ss-text-answer-container\">Kaie K\u00e4\u00e4r,<\/span> <span class=\"ss-text-answer-container\">Ester Juhaste,<\/span> <span class=\"ss-text-answer-container\">Elle Tamme,<\/span> <span class=\"ss-text-answer-container\">Veera Padar,<\/span> <span class=\"ss-text-answer-container\">Helve Vetik, Laine Raud, Kairi Mumma, <\/span><span class=\"ss-text-answer-container\">Tiina Ruus,<\/span> <span class=\"ss-text-answer-container\">Laine Tellmann,\u00a0<\/span> <span class=\"ss-text-answer-container\">Sirle Pihlak,<\/span> <span class=\"ss-text-answer-container\">Aino Ollerma, Helen Puusepp, Annely Kaasik,<\/span> <span class=\"ss-text-answer-container\">Jaana Omann,<\/span> <span class=\"ss-text-answer-container\">Lea Lindegron,<\/span> <span class=\"ss-text-answer-container\">Tiiu S\u00fcving,<\/span> <span class=\"ss-text-answer-container\">Kerli Hahndorf<\/span>, <span class=\"ss-text-answer-container\">Tiina M\u00e4eots,<\/span> <span class=\"ss-text-answer-container\">K\u00e4de Reinthal,<\/span> <span class=\"ss-text-answer-container\">Ulvi Stanevit\u0161,<\/span> <span class=\"ss-text-answer-container\">Aivi Paju, Marje M\u00e4emets,<\/span> <span class=\"ss-text-answer-container\">Pille Martsik,<\/span> <span class=\"ss-text-answer-container\">Reet \u00d6\u00f6pik,<\/span> <span class=\"ss-text-answer-container\">Heli K\u00f5om\u00e4gi, Sirje Must, Sirje J\u00fcrgenson,<\/span> <span class=\"ss-text-answer-container\">Tiina Ruusmaa,<\/span> <span class=\"ss-text-answer-container\">Virge Lember,<\/span> <span class=\"ss-text-answer-container\">Riina N\u00e4kk,<\/span> <span class=\"ss-text-answer-container\">Anneli Valgre,<\/span> <span class=\"ss-text-answer-container\">Sirje Luik,<\/span> <span class=\"ss-text-answer-container\">Ene Alunurm,<\/span> <span class=\"ss-text-answer-container\">Olga Paas,<\/span> <span class=\"ss-text-answer-container\">Marge Muiste,<\/span> <span class=\"ss-text-answer-container\">Svetlana Vassiljeva,<\/span> <span class=\"ss-text-answer-container\">Signe J\u00f5erand,<\/span> <span class=\"ss-text-answer-container\">Leili Lilleoja,<\/span> <span class=\"ss-text-answer-container\">Ruth Lehtla, Eve Kangur,<\/span> <span class=\"ss-text-answer-container\">Urve Hillep,<\/span> <span class=\"ss-text-answer-container\">Kadri Linder,<\/span> <span class=\"ss-text-answer-container\">Lilian Loit,<\/span> <span class=\"ss-text-answer-container\">Merje Laurson,<\/span> <span class=\"ss-text-answer-container\">Kaja Raimets,<\/span> <span class=\"ss-text-answer-container\">Aave Lillepalu,<\/span>\u00a0<span class=\"ss-text-answer-container\"> Eve Kallas,<\/span> <span class=\"ss-text-answer-container\">Silvi Tolmats,<\/span> <span class=\"ss-text-answer-container\">Kaja Assor,<\/span> <span class=\"ss-text-answer-container\">Elen Laine,<\/span> <span class=\"ss-text-answer-container\">Helgi Kreek, Iivi Ojarand,<\/span> <span class=\"ss-text-answer-container\">Jaanika Alliksoo,<\/span> <span class=\"ss-text-answer-container\">Aira Ojala, <\/span><span class=\"ss-text-answer-container\">Lilian Loit,<\/span> <span class=\"ss-text-answer-container\">Aidi Lellsar,<\/span> <span class=\"ss-text-answer-container\">Krista Piir,<\/span> <span class=\"ss-text-answer-container\">Triin Tarendi,<\/span> <span class=\"ss-text-answer-container\">Elin Karuoja,<\/span> <span class=\"ss-text-answer-container\">Rutti R\u00e4bovoitra,<\/span> <span class=\"ss-text-answer-container\">Eve Sinij\u00e4rv,<\/span> <span class=\"ss-text-answer-container\">Kadri Tamberg,<\/span> <span class=\"ss-text-answer-container\">Urve Selberg,<\/span> <span class=\"ss-text-answer-container\">Moonika M\u00e4nd,<\/span> <span class=\"ss-text-answer-container\">\u00dclle Varik,<\/span> <span class=\"ss-text-answer-container\">Liia Aadamsoo, Eve Vellner,<\/span> <span class=\"ss-text-answer-container\">Ly Valdmaa,<\/span> <span class=\"ss-text-answer-container\">Tiio Penu,<\/span> <span class=\"ss-text-answer-container\">Reine Klettenberg,<\/span> <span class=\"ss-text-answer-container\">Monika Leepere,<\/span> <span class=\"ss-text-answer-container\">Heli Priks<\/span>, <span class=\"ss-text-answer-container\">Eve Pampa,<\/span> <span class=\"ss-text-answer-container\">Terje Raju,<\/span> <span class=\"ss-text-answer-container\">Kaie Raudkivi<\/span>, <span class=\"ss-text-answer-container\">Triinu Pohlak,<\/span> <span class=\"ss-text-answer-container\">Anu Tamm,<\/span> <span class=\"ss-text-answer-container\">Tiia Sagar,<\/span> <span class=\"ss-text-answer-container\">Sille Malvik,<\/span> <span class=\"ss-text-answer-container\">Airi P\u00e4rnamets,<\/span> <span class=\"ss-text-answer-container\">Stiina L\u00f5hmus,<\/span> <span class=\"ss-text-answer-container\">Lilian Lindm\u00e4e,<\/span> <span class=\"ss-text-answer-container\">Sirje Astok,<\/span> <span class=\"ss-text-answer-container\">Aale Lavrikov,<\/span> <span class=\"ss-text-answer-container\">Aino Kreitsman,<\/span> <span class=\"ss-text-answer-container\">Rein Tarros,<\/span> <span class=\"ss-text-answer-container\">\u00dclle Nahkur,<\/span> <span class=\"ss-text-answer-container\">Katre P\u00f5der,<\/span> <span class=\"ss-text-answer-container\">Piret, Maret, Ly,<\/span> <span class=\"ss-text-answer-container\">Mai-Liis M\u00e4ev\u00e4li,\u00a0<\/span> <span class=\"ss-text-answer-container\">Hille Tammsaar,<\/span> <span class=\"ss-text-answer-container\">Airi Siim,<\/span> <span class=\"ss-text-answer-container\">Geil Siim,<\/span> <span class=\"ss-text-answer-container\">Liia Luik,<\/span> <span class=\"ss-text-answer-container\">Ela Raide, Anar Anijalg, Heli Lumi, Kaja Assor, \u00dclle Suur, \u00dclle Tamm, \u00dclle Leppoja, Moonika Piil,\u00a0 Maili Sindist, Eda Aavik, Kati, Sirle Taaksalu, Riina L\u00f5hmus, Larissa Leppik, Ene K\u00e4rg, Annika J\u00fcrviste, Eneli Pung, Mairi P\u00fcvi, Merlin Roosi, Merike P\u00e4\u00e4bus, Rita Postov, Kairi Stepanova, Inna S\u00e4rel, Siret Saarniit, Kadi Saks, Riina Kera, K\u00fclli Stukert, Riina Milk, Pille Kirss, Ulvi Mihkeles, Liivika Madar, Margit Kasvand, Tiina Kurg, Sirje Viljastu, Ly Unt, Carmen Salum\u00e4e, Maie Vahter, Mariliis V\u00f5su, Aime Borisov, Marika H\u00f5bem\u00e4e, Merike Heeringson, J\u00fcri, Mariina K\u00f5rs, Pille-Riin Pukk, Tea Laas, A. Kaskman, Tiina Karu, Urve Salm, Ruth Saar, Jaana Hussar, Elen S\u00fcvalep, Riina Toomet, Reeli Sirel, Rita Moor, Annika Viikmaa, Kati H\u00f5im, Reet Griffel, K\u00e4dy Saaliste,<br \/>\n<\/span><\/div>\n<\/div>\n","protected":false},"excerpt":{"rendered":"<p>Sissejuhatuseks: projektimeeskond on V\u00c4GA T\u00c4NULIK k\u00f5ikide heade s\u00f5nade eest, mis meile nii m\u00f6\u00f6dunud poolaasta kui n\u00fc\u00fcd tagasiside kaudu laekunud on! Eestimaa on paksult t\u00e4is imelisi \u00f5petajaid ja vahvaid lapsi! Kas te ikka j\u00f5udsite m\u00e4rgata, et me k\u00f5ik koos saime uhke tunnustuse &#8211; KESKKONNAK\u00c4PP 2014!\u00a0Soovime k\u00f5igile oma &#8220;k\u00e4ppadele&#8221; r\u00f5\u00f5murohket ja ilusat suve! Jaanuaris 2014 laialisaadetud pakkumisele &hellip; <a href=\"https:\/\/aianduskool.ee\/tomatiprojekt\/?page_id=705\" class=\"more-link\">Loe edasi <span class=\"screen-reader-text\">KOKKUV\u00d5TE<\/span> <span class=\"meta-nav\">&rarr;<\/span><\/a><\/p>\n","protected":false},"author":2,"featured_media":0,"parent":0,"menu_order":0,"comment_status":"open","ping_status":"open","template":"","meta":{"footnotes":""},"class_list":["post-705","page","type-page","status-publish","hentry"],"_links":{"self":[{"href":"https:\/\/aianduskool.ee\/tomatiprojekt\/index.php?rest_route=\/wp\/v2\/pages\/705","targetHints":{"allow":["GET"]}}],"collection":[{"href":"https:\/\/aianduskool.ee\/tomatiprojekt\/index.php?rest_route=\/wp\/v2\/pages"}],"about":[{"href":"https:\/\/aianduskool.ee\/tomatiprojekt\/index.php?rest_route=\/wp\/v2\/types\/page"}],"author":[{"embeddable":true,"href":"https:\/\/aianduskool.ee\/tomatiprojekt\/index.php?rest_route=\/wp\/v2\/users\/2"}],"replies":[{"embeddable":true,"href":"https:\/\/aianduskool.ee\/tomatiprojekt\/index.php?rest_route=%2Fwp%2Fv2%2Fcomments&post=705"}],"version-history":[{"count":5,"href":"https:\/\/aianduskool.ee\/tomatiprojekt\/index.php?rest_route=\/wp\/v2\/pages\/705\/revisions"}],"predecessor-version":[{"id":737,"href":"https:\/\/aianduskool.ee\/tomatiprojekt\/index.php?rest_route=\/wp\/v2\/pages\/705\/revisions\/737"}],"wp:attachment":[{"href":"https:\/\/aianduskool.ee\/tomatiprojekt\/index.php?rest_route=%2Fwp%2Fv2%2Fmedia&parent=705"}],"curies":[{"name":"wp","href":"https:\/\/api.w.org\/{rel}","templated":true}]}}